{"id":4031,"date":"2023-04-06T12:34:56","date_gmt":"2023-04-06T10:34:56","guid":{"rendered":"https:\/\/qzm-rn.de\/?post_type=tribe_events&#038;p=4031"},"modified":"2023-04-18T16:49:21","modified_gmt":"2023-04-18T14:49:21","slug":"out-in-church-gespraech-mit-armin-noppenberger-ueber-queersein-in-der-kirche","status":"publish","type":"tribe_events","link":"https:\/\/qzm-rn.de\/en\/event\/out-in-church-gespraech-mit-armin-noppenberger-ueber-queersein-in-der-kirche\/","title":{"rendered":"Out In Church &#8211; Gespr\u00e4ch mit Armin Noppenberger \u00fcber Queersein in der Kirche"},"content":{"rendered":"<div  class=\"tribe-events-schedule tribe-clearfix\" >\n\t<p class=\"tribe-events-schedule__datetime\">\n\t\t<span class=\"tribe-events-schedule__date tribe-events-schedule__date--start\">\n\t\t\t24. April 2023\t\t<\/span>\n\n\t\t\t\t\t<span class=\"tribe-events-schedule__separator tribe-events-schedule__separator--date\">\n\t\t\t\t @ \t\t\t<\/span>\n\t\t\t<span class=\"tribe-events-schedule__time tribe-events-schedule__time--start\">\n\t\t\t\t19:00\t\t\t<\/span>\n\t\t\n\t\t\t\t\t\t\t\t\t<span class=\"tribe-events-schedule__separator tribe-events-schedule__separator--time\">\n\t\t\t\t\t &#8211; \t\t\t\t<\/span>\n\t\t\t\n\t\t\t\t\t\t\t<span class=\"tribe-events-schedule__time tribe-events-schedule__time--end\">\n\t\t\t\t\t21:00\t\t\t\t<\/span>\n\t\t\t\n\t\t\t\t\t\t<\/p>\n<\/div>\n\n\n\n<p>Bis heute m\u00fcssen Mitglieder der Kirche viel zu oft zwischen Queersein und ihrem Platz in der katholischen Gemeinschaft entscheiden, da sie sonst mit Diskriminierung und Ausgrenzung rechnen m\u00fcssen. <br>Bis heute gibt die katholische Kirche eine Leitkultur vor, die queere Menschen in ihrer Pers\u00f6nlichkeit und ihren Rechten entwertet.<br>Bis heute &#8211; aber nicht mit Out In Church! Out In Church ist eine Bewegung queerer Menschen innerhalb der katholischen Kirche, die mit einem Manifest in die \u00d6ffentlichkeit treten. Sie wollen endlich nicht mehr um ihren Arbeitsplatz oder ihren Platz in der Kirchengemeinschaft f\u00fcrchten m\u00fcssen, sie wollen ein Recht auf Selbstbestimmung &#8211; nicht der Verschwiegenheit und Doppelmoral &#8211; und auf die Segnung gleichgeschlechtlicher Ehen.<br>Dazu werden Leon Igel von der <a href=\"https:\/\/www.instagram.com\/khg_ma\/\">katholischen Hochschulgemeinde<\/a> und Armin Noppenberger von <a href=\"https:\/\/www.instagram.com\/outinchurch\/\">Out in Church<\/a> ins Gespr\u00e4ch gehen, bevor auch von den Zuschauenden Fragen, Input, oder pers\u00f6nliche Geschichten mit aufgenommen werden.<br>Zweifellos wird das ein spannender und bewegender Abend, dessen Thematik leider viel zu viele Menschen betrifft. Dennoch, bzw. gerade deswegen, freuen wir uns, dass wir genau diesem Thema eine B\u00fchne geben k\u00f6nnen. <br><br>Kommt einfach vorbei, eine Anmeldung ist nicht n\u00f6tig.<br><br>Der Veranstaltungsraum ist stufenlos zug\u00e4nglich und es gibt eine barrierearme Toilette. Fragen zu Barrierearmut im QZM gerne an katrin.hofner@qzm-rn.de<\/p>\n\n\n<div  class=\"tribe-block tribe-block__event-price\" >\n\t\t\t<span class=\"tribe-block__event-price__cost\"> Kostenlos <\/span>\n\t\t<\/div>\n\n\n\n\n<div  class=\"tribe-block tribe-block__venue tribe-clearfix\" >\n\t\n\t\n<div class=\"tribe-block__venue__meta\">\n\t<div class=\"tribe-block__venue__name\">\n\t\t<h3><a href=\"https:\/\/qzm-rn.de\/en\/venue\/qzm\/\" title=\"QZM\">QZM<\/a><\/h3>\n\t<\/div>\n\n\t\n\t\t\t\t\t\t<address class=\"tribe-block__venue__address\">\n\t\t\t\t<span class=\"tribe-address\">\n\n<span class=\"tribe-street-address\">G7 ,14<\/span>\n\t\n\t\t<br>\n\t\t<span class=\"tribe-locality\">Mannheim<\/span><span class=\"tribe-delimiter\">,<\/span>\n\n\n\t<span class=\"tribe-postal-code\">68159<\/span>\n\n\t<span class=\"tribe-country-name\">Deutschland<\/span>\n\n<\/span>\n\n\t\t\t\t\t\t\t<\/address>\n\t\t\n\t\t\n\t\t\t\t\t<span class=\"tribe-block__venue__website\"><a href=\"http:\/\/qzm-rn.de\/en\/\" target=\"_self\" rel=\"external\">View Venue Website<\/a><\/span><br \/>\n\t\t\t\n\t<\/div>\n\t\n\t<\/div>\n\n\n\n\n\t<div  class=\"tribe-block tribe-block__events-link\" >\n\t\t<div class=\"tribe-events tribe-common\">\n\t\t\t<div class=\"tribe-events-c-subscribe-dropdown__container\">\n\t\t\t\t<div class=\"tribe-events-c-subscribe-dropdown\">\n\t\t\t\t\t<div class=\"tribe-common-c-btn-border tribe-events-c-subscribe-dropdown__button\">\n\t\t\t\t\t\t<svg\n\t class=\"tribe-common-c-svgicon tribe-common-c-svgicon--cal-export tribe-events-c-subscribe-dropdown__export-icon\" \taria-hidden=\"true\"\n\tviewbox=\"0 0 23 17\"\n\txmlns=\"http:\/\/www.w3.org\/2000\/svg\"\n>\n\t<path fill-rule=\"evenodd\" clip-rule=\"evenodd\" d=\"M.128.896V16.13c0 .211.145.383.323.383h15.354c.179 0 .323-.172.323-.383V.896c0-.212-.144-.383-.323-.383H.451C.273.513.128.684.128.896Zm16 6.742h-.901V4.679H1.009v10.729h14.218v-3.336h.901V7.638ZM1.01 1.614h14.218v2.058H1.009V1.614Z\" \/>\n\t<path d=\"M20.5 9.846H8.312M18.524 6.953l2.89 2.909-2.855 2.855\" stroke-width=\"1.2\" stroke-linecap=\"round\" stroke-linejoin=\"round\"\/>\n<\/svg>\n\t\t\t\t\t\t<button\n\t\t\t\t\t\t\tclass=\"tribe-events-c-subscribe-dropdown__button-text\"\n\t\t\t\t\t\t\taria-expanded=\"false\"\n\t\t\t\t\t\t\taria-controls=\"tribe-events-subscribe-dropdown-content\"\n\t\t\t\t\t\t\taria-label=\"View links to add events to your calendar\"\n\t\t\t\t\t\t>\n\t\t\t\t\t\t\tAdd to calendar\t\t\t\t\t\t<\/button>\n\t\t\t\t\t\t<svg\n\t class=\"tribe-common-c-svgicon tribe-common-c-svgicon--caret-down tribe-events-c-subscribe-dropdown__button-icon\" \taria-hidden=\"true\"\n\tviewbox=\"0 0 10 7\"\n\txmlns=\"http:\/\/www.w3.org\/2000\/svg\"\n>\n\t<path fill-rule=\"evenodd\" clip-rule=\"evenodd\" d=\"M1.008.609L5 4.6 8.992.61l.958.958L5 6.517.05 1.566l.958-.958z\" class=\"tribe-common-c-svgicon__svg-fill\"\/>\n<\/svg>\n\t\t\t\t\t<\/div>\n\t\t\t\t\t<div id=\"tribe-events-subscribe-dropdown-content\" class=\"tribe-events-c-subscribe-dropdown__content\">\n\t\t\t\t\t\t<ul class=\"tribe-events-c-subscribe-dropdown__list\">\n\t\t\t\t\t\t\t\t\t\t\t\t\t\t\t<li class=\"tribe-events-c-subscribe-dropdown__list-item tribe-events-c-subscribe-dropdown__list-item--gcal\">\n\t\t\t\t\t\t\t\t\t<a\n\t\t\t\t\t\t\t\t\t\thref=\"https:\/\/www.google.com\/calendar\/event?action=TEMPLATE&#038;dates=20230424T190000\/20230424T210000&#038;text=Out%20In%20Church%20%26%238211%3B%20Gespr%C3%A4ch%20mit%20Armin%20Noppenberger%20%C3%BCber%20Queersein%20in%20der%20Kirche&#038;details=%3Cp%3EBis+heute+m%C3%BCssen+Mitglieder+der+Kirche+viel+zu+oft+zwischen+Queersein+und+ihrem+Platz+in+der+katholischen+Gemeinschaft+entscheiden%2C+da+sie+sonst+mit+Diskriminierung+und+Ausgrenzung+rechnen+m%C3%BCssen.+%3Cbr+%2F%3EBis+heute+gibt+die+katholische+Kirche+eine+Leitkultur+vor%2C+die+queere+Menschen+in+ihrer+Pers%C3%B6nlichkeit+und+ihren+Rechten+entwertet.%3Cbr+%2F%3EBis+heute+-+aber+nicht+mit+Out+In+Church%21+Out+In+Church+ist+eine+Bewegung+queerer+Menschen+innerhalb+der+katholischen+Kirche%2C+die+mit+einem+Manifest+in+die+%C3%96ffentlichkeit+treten.+Sie+wollen+endlich+nicht+mehr+um+ihren+Arbeitsplatz+oder+ihren+Platz+in+der+Kirchengemeinschaft+f%C3%BCrchten+m%C3%BCssen%2C+sie+wollen+ein+Recht+auf+Selbstbestimmung+-+nicht+der+Verschwiegenheit+und+Doppelmoral+-+und+auf+die+Segnung+gleichgeschlechtlicher+Ehen.%3Cbr+%2F%3EDazu+werden+Leon+Igel+von+der+%3Ca+href%3D%22https%3A%2F%2Fwww.instagram.com%2Fkhg_ma%2F%22%3Ekatholischen+Hochschulgemeinde%3C%2Fa%3E+und+Armin+Noppenberger+von+%3Ca+href%3D%22https%3A%2F%2Fwww.instagram.com%2Foutinchurch%2F%22%3EOut+in+Church%3C%2Fa%3E+ins+Gespr%C3%A4c%3C%2Fp%3E+%28View+Full+event+Description+Here%3A+https%3A%2F%2Fqzm-rn.de%2Fen%2Fevent%2Fout-in-church-gespraech-mit-armin-noppenberger-ueber-queersein-in-der-kirche%2F%29&#038;location=QZM,%20G7%20,14,%20Mannheim,%2068159,%20Deutschland&#038;trp=false&#038;ctz=Europe\/Berlin&#038;sprop=website:https:\/\/qzm-rn.de\/en\"\n\t\t\t\t\t\t\t\t\t\tclass=\"tribe-events-c-subscribe-dropdown__list-item-link\"\n\t\t\t\t\t\t\t\t\t\ttarget=\"_blank\"\n\t\t\t\t\t\t\t\t\t\trel=\"noopener noreferrer nofollow noindex\"\n\t\t\t\t\t\t\t\t\t>\n\t\t\t\t\t\t\t\t\t\tGoogle Calendar\t\t\t\t\t\t\t\t\t<\/a>\n\t\t\t\t\t\t\t\t<\/li>\n\t\t\t\t\t\t\t\t\t\t\t\t\t\t\t<li class=\"tribe-events-c-subscribe-dropdown__list-item tribe-events-c-subscribe-dropdown__list-item--ical\">\n\t\t\t\t\t\t\t\t\t<a\n\t\t\t\t\t\t\t\t\t\thref=\"\"\n\t\t\t\t\t\t\t\t\t\tclass=\"tribe-events-c-subscribe-dropdown__list-item-link\"\n\t\t\t\t\t\t\t\t\t\ttarget=\"_blank\"\n\t\t\t\t\t\t\t\t\t\trel=\"noopener noreferrer nofollow noindex\"\n\t\t\t\t\t\t\t\t\t>\n\t\t\t\t\t\t\t\t\t\tiCalendar\t\t\t\t\t\t\t\t\t<\/a>\n\t\t\t\t\t\t\t\t<\/li>\n\t\t\t\t\t\t\t\t\t\t\t\t\t\t\t<li class=\"tribe-events-c-subscribe-dropdown__list-item tribe-events-c-subscribe-dropdown__list-item--outlook-365\">\n\t\t\t\t\t\t\t\t\t<a\n\t\t\t\t\t\t\t\t\t\thref=\"\"\n\t\t\t\t\t\t\t\t\t\tclass=\"tribe-events-c-subscribe-dropdown__list-item-link\"\n\t\t\t\t\t\t\t\t\t\ttarget=\"_blank\"\n\t\t\t\t\t\t\t\t\t\trel=\"noopener noreferrer nofollow noindex\"\n\t\t\t\t\t\t\t\t\t>\n\t\t\t\t\t\t\t\t\t\tOutlook 365\t\t\t\t\t\t\t\t\t<\/a>\n\t\t\t\t\t\t\t\t<\/li>\n\t\t\t\t\t\t\t\t\t\t\t\t\t\t\t<li class=\"tribe-events-c-subscribe-dropdown__list-item tribe-events-c-subscribe-dropdown__list-item--outlook-live\">\n\t\t\t\t\t\t\t\t\t<a\n\t\t\t\t\t\t\t\t\t\thref=\"\"\n\t\t\t\t\t\t\t\t\t\tclass=\"tribe-events-c-subscribe-dropdown__list-item-link\"\n\t\t\t\t\t\t\t\t\t\ttarget=\"_blank\"\n\t\t\t\t\t\t\t\t\t\trel=\"noopener noreferrer nofollow noindex\"\n\t\t\t\t\t\t\t\t\t>\n\t\t\t\t\t\t\t\t\t\tOutlook Live\t\t\t\t\t\t\t\t\t<\/a>\n\t\t\t\t\t\t\t\t<\/li>\n\t\t\t\t\t\t\t\t\t\t\t\t\t<\/ul>\n\t\t\t\t\t<\/div>\n\t\t\t\t<\/div>\n\t\t\t<\/div>\n\t\t<\/div>\n\t<\/div>\n\n\n\n<h2 class=\"tribe-block__related-events__title\">Related Events<\/h2>\n\n<ul  class=\"tribe-related-events tribe-clearfix\" >\n\t\t\t<li>\n\t\n<div class=\"tribe-related-events-thumbnail\">\n\t<a href=\"https:\/\/qzm-rn.de\/en\/event\/ausstellung-reflection-von-mariia-vernissage\/\" class=\"url\" rel=\"bookmark\" tabindex=\"-1\" aria-hidden=\"true\"><img fetchpriority=\"high\" decoding=\"async\" width=\"1024\" height=\"682\" src=\"https:\/\/qzm-rn.de\/wp-content\/uploads\/2026\/04\/Vernissage-MARIIA-HP-1024x682.png\" class=\"attachment-large size-large wp-post-image\" alt=\"Auf der Graphik erkennt man eine Person in schwarz wei\u00df, die ihre H\u00e4nde \u00fcber das Bild streckt und Informationen zur Foto Ausstellung &quot;reflection&quot; von MARIIA.\" \/><\/a>\n<\/div>\n\t<div class=\"tribe-related-event-info\">\n\t<h3 class=\"tribe-related-events-title\">\n\t\t<a href=\"https:\/\/qzm-rn.de\/en\/event\/ausstellung-reflection-von-mariia-vernissage\/\" class=\"tribe-event-url\" rel=\"bookmark\">\n\t\t\tAusstellung &#8222;reflection&#8220; von MARIIA &#8211; Vernissage\t\t<\/a>\n\t<\/h3>\n\t<span class=\"tribe-event-date-start\">3. May @ 16:00<\/span><\/div>\n<\/li>\n\t\t\t<li>\n\t\n<div class=\"tribe-related-events-thumbnail\">\n\t<a href=\"https:\/\/qzm-rn.de\/en\/event\/selbsthilfegruppe-trans-und-ich-28\/2026-05-04\/\" class=\"url\" rel=\"bookmark\" tabindex=\"-1\" aria-hidden=\"true\"><img decoding=\"async\" width=\"1024\" height=\"682\" src=\"https:\/\/qzm-rn.de\/wp-content\/uploads\/2024\/12\/Design-ohne-Titel-8-1024x682.png\" class=\"attachment-large size-large wp-post-image\" alt=\"\" \/><\/a>\n<\/div>\n\t<div class=\"tribe-related-event-info\">\n\t<h3 class=\"tribe-related-events-title\">\n\t\t<a href=\"https:\/\/qzm-rn.de\/en\/event\/selbsthilfegruppe-trans-und-ich-28\/2026-05-04\/\" class=\"tribe-event-url\" rel=\"bookmark\">\n\t\t\tSelf help group \u201ctrans* and I\u201d\t\t<\/a>\n\t<\/h3>\n\t<span class=\"tribe-event-date-start\">4. May @ 19:00<\/span><\/div>\n<\/li>\n\t\t\t<li>\n\t\n<div class=\"tribe-related-events-thumbnail\">\n\t<a href=\"https:\/\/qzm-rn.de\/en\/event\/flinta-beatmaking-workshop\/\" class=\"url\" rel=\"bookmark\" tabindex=\"-1\" aria-hidden=\"true\"><img decoding=\"async\" width=\"1024\" height=\"682\" src=\"https:\/\/qzm-rn.de\/wp-content\/uploads\/2026\/04\/Design-ohne-Titel-2-1024x682.png\" class=\"attachment-large size-large wp-post-image\" alt=\"Auf der Graphik ist ein Foto der Musikern SATARII und Informationen zum FLINTA* Beatmaking Workshop.\" \/><\/a>\n<\/div>\n\t<div class=\"tribe-related-event-info\">\n\t<h3 class=\"tribe-related-events-title\">\n\t\t<a href=\"https:\/\/qzm-rn.de\/en\/event\/flinta-beatmaking-workshop\/\" class=\"tribe-event-url\" rel=\"bookmark\">\n\t\t\tFLINTA* Beatmaking Workshop\t\t<\/a>\n\t<\/h3>\n\t<span class=\"tribe-event-date-start\">6. May @ 18:30<\/span><\/div>\n<\/li>\n\t<\/ul>","protected":false},"excerpt":{"rendered":"<p>Bis heute m\u00fcssen Mitglieder der Kirche viel zu oft zwischen Queersein und ihrem Platz in der katholischen Gemeinschaft entscheiden, da sie sonst mit Diskriminierung und Ausgrenzung rechnen m\u00fcssen. Out In Church macht sich gegen diesen Zustand stark.<\/p>","protected":false},"author":2,"featured_media":4039,"template":"","meta":{"_tec_requires_first_save":false,"_eb_attr":"","neve_meta_sidebar":"","neve_meta_container":"","neve_meta_enable_content_width":"","neve_meta_content_width":0,"neve_meta_title_alignment":"","neve_meta_author_avatar":"","neve_post_elements_order":"","neve_meta_disable_header":"","neve_meta_disable_footer":"","neve_meta_disable_title":"","_EventAllDay":false,"_EventTimezone":"Europe\/Berlin","_EventStartDate":"2023-04-24 19:00:00","_EventEndDate":"2023-04-24 21:00:00","_EventStartDateUTC":"2023-04-24 17:00:00","_EventEndDateUTC":"2023-04-24 19:00:00","_EventShowMap":false,"_EventShowMapLink":false,"_EventURL":"","_EventCost":"Kostenlos","_EventCostDescription":"","_EventCurrencySymbol":"EUR","_EventCurrencyCode":"EUR","_EventCurrencyPosition":"prefix","_EventDateTimeSeparator":" @ ","_EventTimeRangeSeparator":" - ","_EventOrganizerID":[],"_EventVenueID":[2523],"_OrganizerEmail":"","_OrganizerPhone":"","_OrganizerWebsite":"","_VenueAddress":"","_VenueCity":"","_VenueCountry":"","_VenueProvince":"","_VenueState":"","_VenueZip":"","_VenuePhone":"","_VenueURL":"","_VenueStateProvince":"","_VenueLat":"","_VenueLng":"","_VenueShowMap":false,"_VenueShowMapLink":false,"_tribe_blocks_recurrence_rules":"","_tribe_blocks_recurrence_description":"","_tribe_blocks_recurrence_exclusions":"","_tribe_events_status":"","_tribe_events_status_reason":"","_tribe_events_is_hybrid":"","_tribe_events_is_virtual":"","_tribe_events_virtual_video_source":"","_tribe_events_virtual_embed_video":"","_tribe_events_virtual_linked_button_text":"","_tribe_events_virtual_linked_button":"","_tribe_events_virtual_show_embed_at":"","_tribe_events_virtual_show_embed_to":[],"_tribe_events_virtual_show_on_event":"","_tribe_events_virtual_show_on_views":"","_tribe_events_virtual_url":"","footnotes":""},"tags":[662,664,660,663,71,30,34,36,21,661,665,48,10,11,134],"tribe_events_cat":[502],"class_list":["post-4031","tribe_events","type-tribe_events","status-publish","has-post-thumbnail","hentry","tag-church","tag-katholischekirche","tag-khg","tag-kirche","tag-lgbti","tag-lgbttiq","tag-lsbti","tag-lsbttiq","tag-mannheim","tag-outinchurch","tag-papst","tag-queer","tag-queeres-zentrum-mannheim","tag-qzm","tag-trans","tribe_events_cat-gespraech","cat_gespraech"],"jetpack_sharing_enabled":true,"_links":{"self":[{"href":"https:\/\/qzm-rn.de\/en\/wp-json\/wp\/v2\/tribe_events\/4031","targetHints":{"allow":["GET"]}}],"collection":[{"href":"https:\/\/qzm-rn.de\/en\/wp-json\/wp\/v2\/tribe_events"}],"about":[{"href":"https:\/\/qzm-rn.de\/en\/wp-json\/wp\/v2\/types\/tribe_events"}],"author":[{"embeddable":true,"href":"https:\/\/qzm-rn.de\/en\/wp-json\/wp\/v2\/users\/2"}],"version-history":[{"count":0,"href":"https:\/\/qzm-rn.de\/en\/wp-json\/wp\/v2\/tribe_events\/4031\/revisions"}],"wp:featuredmedia":[{"embeddable":true,"href":"https:\/\/qzm-rn.de\/en\/wp-json\/wp\/v2\/media\/4039"}],"wp:attachment":[{"href":"https:\/\/qzm-rn.de\/en\/wp-json\/wp\/v2\/media?parent=4031"}],"wp:term":[{"taxonomy":"post_tag","embeddable":true,"href":"https:\/\/qzm-rn.de\/en\/wp-json\/wp\/v2\/tags?post=4031"},{"taxonomy":"tribe_events_cat","embeddable":true,"href":"https:\/\/qzm-rn.de\/en\/wp-json\/wp\/v2\/tribe_events_cat?post=4031"}],"curies":[{"name":"wp","href":"https:\/\/api.w.org\/{rel}","templated":true}]}}