{"id":4279,"date":"2023-05-15T13:22:54","date_gmt":"2023-05-15T11:22:54","guid":{"rendered":"https:\/\/qzm-rn.de\/?post_type=tribe_events&#038;p=4279"},"modified":"2023-07-14T11:32:00","modified_gmt":"2023-07-14T09:32:00","slug":"queerlactica-pride-rhine-neckar-edition","status":"publish","type":"tribe_events","link":"https:\/\/qzm-rn.de\/en\/event\/queerlactica-pride-rhine-neckar-edition\/","title":{"rendered":"Queerlactica &#8211; Pride Rhein-Neckar Edition"},"content":{"rendered":"<div  class=\"tribe-events-schedule tribe-clearfix\" >\n\t<p class=\"tribe-events-schedule__datetime\">\n\t\t<span class=\"tribe-events-schedule__date tribe-events-schedule__date--start\">\n\t\t\t12. August 2023\t\t<\/span>\n\n\t\t\t\t\t<span class=\"tribe-events-schedule__separator tribe-events-schedule__separator--date\">\n\t\t\t\t @ \t\t\t<\/span>\n\t\t\t<span class=\"tribe-events-schedule__time tribe-events-schedule__time--start\">\n\t\t\t\t23:00\t\t\t<\/span>\n\t\t\n\t\t\t\t\t\t\t\t\t<span class=\"tribe-events-schedule__separator tribe-events-schedule__separator--time\">\n\t\t\t\t\t &#8211; \t\t\t\t<\/span>\n\t\t\t\n\t\t\t\t\t\t\t<span class=\"tribe-events-schedule__date tribe-events-schedule__date--end\">\n\t\t\t\t\t13. August 2023\t\t\t\t<\/span>\n\n\t\t\t\t\t\t\t\t\t<span class=\"tribe-events-schedule__separator tribe-events-schedule__separator--date\">\n\t\t\t\t\t\t @ \t\t\t\t\t<\/span>\n\t\t\t\t\t<span class=\"tribe-events-schedule__time tribe-events-schedule__time--end\">\n\t\t\t\t\t\t04:00\t\t\t\t\t<\/span>\n\t\t\t\t\n\t\t\t\n\t\t\t\t\t\t<\/p>\n<\/div>\n\n\n\n<p>The&nbsp;<strong>Queerlactica<\/strong>&nbsp;ist die regelm\u00e4\u00dfige Party-Reihe des QZM! Wir sind ein explizit queerer Raum, in dem alle willkommen sind, gemeinsam in einer queerfreundlichen Atmosph\u00e4re zu feiern. Diesmal in der gro\u00dfartigen Pride Rhine Neckar Edition.<\/p>\n\n\n\n<p>Wir verwandeln die&nbsp;<a href=\"https:\/\/altefeuerwache.com\/\">Alte Feuerwache<\/a>&nbsp;in die&nbsp;<em>Mystic Space Hall<\/em>!<\/p>\n\n\n\n<p>Zum Warm-Up gibt es auf der Sommerb\u00fchne ab 20 Uhr <a href=\"https:\/\/www.instagram.com\/beckstreetboii\/\">Becks<\/a> f\u00fcr euch zu sehen und zu h\u00f6ren!<br><br>Ab 23:00 Uhr stehen die T\u00fcren f\u00fcr das warm-up offen. Schon ab 23:30 geht es dann richtig los, denn die <a href=\"https:\/\/www.instagram.com\/heideldrag\/\">Heidleberger Drag Family<\/a> macht ordentlich Stimmung. Bis 4 Uhr wird dann noch mit den talentierten DJanes: <a href=\"https:\/\/www.instagram.com\/djanethunderpu66y\/\">DJane Thunderpussy<\/a> and <a href=\"https:\/\/www.instagram.com\/dj_mizzdee\/\">DJ Mizzdee<\/a> durch gefeiert!<\/p>\n\n\n\n<p><strong>Sei DU!&nbsp;<\/strong><\/p>\n\n\n\n<p><strong>Wir feiern Diversity<\/strong>!<\/p>\n\n\n\n<p><strong>Wir sind bunt \ud83c\udff3\ufe0f\u200d\ud83c\udf08 Wir sind Laut \ud83d\udd0a Wir sind glitzernd \u2728 Wir sind queer \ud83e\udd84<\/strong><\/p>\n\n\n\n<p>alle Details auf der&nbsp;<a href=\"https:\/\/queerlactica.qzm-rn.de\/\">Partywebsite<\/a>&nbsp;\/&nbsp;<a href=\"https:\/\/tickets.qzm-rn.de\/qlactica001\/\">Tickets<\/a><\/p>\n\n\n\n<p>Party in Kooperation mit<\/p>\n\n\n\n<figure class=\"wp-block-image\"><a href=\"https:\/\/altefeuerwache.com\/\"><img fetchpriority=\"high\" decoding=\"async\" width=\"1024\" height=\"82\" src=\"https:\/\/qzm-rn.de\/wp-content\/uploads\/2023\/02\/afw_logo_4c-1024x82.jpg\" alt=\"\" class=\"wp-image-3584\" srcset=\"https:\/\/qzm-rn.de\/wp-content\/uploads\/2023\/02\/afw_logo_4c-1024x82.jpg 1024w, https:\/\/qzm-rn.de\/wp-content\/uploads\/2023\/02\/afw_logo_4c-300x24.jpg 300w, https:\/\/qzm-rn.de\/wp-content\/uploads\/2023\/02\/afw_logo_4c-768x61.jpg 768w, https:\/\/qzm-rn.de\/wp-content\/uploads\/2023\/02\/afw_logo_4c-1536x123.jpg 1536w, https:\/\/qzm-rn.de\/wp-content\/uploads\/2023\/02\/afw_logo_4c-2048x164.jpg 2048w\" sizes=\"(max-width: 1024px) 100vw, 1024px\" \/><\/a><\/figure>\n\n\n<div  class=\"tribe-block tribe-block__event-price\" >\n\t\t\t<span class=\"tribe-block__event-price__cost\"> EUR10 <\/span>\n\t\t\t\t<span class=\"tribe-block__event-price__description\">VVK 7-10\u20ac, AK 12-15\u20ac<\/span>\n\t<\/div>\n\n\n\n\n<div  class=\"tribe-block tribe-block__venue tribe-clearfix\" >\n\t\n\t\n<div class=\"tribe-block__venue__meta\">\n\t<div class=\"tribe-block__venue__name\">\n\t\t<h3><a href=\"https:\/\/qzm-rn.de\/en\/venue\/alte-feuerwache-2\/\" title=\"Alte Feuerwache\">Alte Feuerwache<\/a><\/h3>\n\t<\/div>\n\n\t\n\t\t\t\t\t\t<address class=\"tribe-block__venue__address\">\n\t\t\t\t<span class=\"tribe-address\">\n\n<span class=\"tribe-street-address\">Br\u00fcckenstr. 2<\/span>\n\t\n\t\t<br>\n\t\t<span class=\"tribe-locality\">68167 Mannheim<\/span><span class=\"tribe-delimiter\">,<\/span>\n\n\n\n\t<span class=\"tribe-country-name\">Deutschland<\/span>\n\n<\/span>\n\n\t\t\t\t\t\t\t<\/address>\n\t\t\n\t\t\n\t\t\t\n\t<\/div>\n\t\n\t<\/div>\n\n\n\t<div  class=\"tribe-block tribe-block__events-link\" >\n\t\t<div class=\"tribe-events tribe-common\">\n\t\t\t<div class=\"tribe-events-c-subscribe-dropdown__container\">\n\t\t\t\t<div class=\"tribe-events-c-subscribe-dropdown\">\n\t\t\t\t\t<div class=\"tribe-common-c-btn-border tribe-events-c-subscribe-dropdown__button\">\n\t\t\t\t\t\t<svg\n\t class=\"tribe-common-c-svgicon tribe-common-c-svgicon--cal-export tribe-events-c-subscribe-dropdown__export-icon\" \taria-hidden=\"true\"\n\tviewbox=\"0 0 23 17\"\n\txmlns=\"http:\/\/www.w3.org\/2000\/svg\"\n>\n\t<path fill-rule=\"evenodd\" clip-rule=\"evenodd\" d=\"M.128.896V16.13c0 .211.145.383.323.383h15.354c.179 0 .323-.172.323-.383V.896c0-.212-.144-.383-.323-.383H.451C.273.513.128.684.128.896Zm16 6.742h-.901V4.679H1.009v10.729h14.218v-3.336h.901V7.638ZM1.01 1.614h14.218v2.058H1.009V1.614Z\" \/>\n\t<path d=\"M20.5 9.846H8.312M18.524 6.953l2.89 2.909-2.855 2.855\" stroke-width=\"1.2\" stroke-linecap=\"round\" stroke-linejoin=\"round\"\/>\n<\/svg>\n\t\t\t\t\t\t<button\n\t\t\t\t\t\t\tclass=\"tribe-events-c-subscribe-dropdown__button-text\"\n\t\t\t\t\t\t\taria-expanded=\"false\"\n\t\t\t\t\t\t\taria-controls=\"tribe-events-subscribe-dropdown-content\"\n\t\t\t\t\t\t\taria-label=\"View links to add events to your calendar\"\n\t\t\t\t\t\t>\n\t\t\t\t\t\t\tAdd to calendar\t\t\t\t\t\t<\/button>\n\t\t\t\t\t\t<svg\n\t class=\"tribe-common-c-svgicon tribe-common-c-svgicon--caret-down tribe-events-c-subscribe-dropdown__button-icon\" \taria-hidden=\"true\"\n\tviewbox=\"0 0 10 7\"\n\txmlns=\"http:\/\/www.w3.org\/2000\/svg\"\n>\n\t<path fill-rule=\"evenodd\" clip-rule=\"evenodd\" d=\"M1.008.609L5 4.6 8.992.61l.958.958L5 6.517.05 1.566l.958-.958z\" class=\"tribe-common-c-svgicon__svg-fill\"\/>\n<\/svg>\n\t\t\t\t\t<\/div>\n\t\t\t\t\t<div id=\"tribe-events-subscribe-dropdown-content\" class=\"tribe-events-c-subscribe-dropdown__content\">\n\t\t\t\t\t\t<ul class=\"tribe-events-c-subscribe-dropdown__list\">\n\t\t\t\t\t\t\t\t\t\t\t\t\t\t\t<li class=\"tribe-events-c-subscribe-dropdown__list-item tribe-events-c-subscribe-dropdown__list-item--gcal\">\n\t\t\t\t\t\t\t\t\t<a\n\t\t\t\t\t\t\t\t\t\thref=\"https:\/\/www.google.com\/calendar\/event?action=TEMPLATE&#038;dates=20230812T230000\/20230813T040000&#038;text=Queerlactica%20%26%238211%3B%20Pride%20Rhein-Neckar%20Edition&#038;details=%3Cp%3EDie%26nbsp%3B%3Cstrong%3EQueerlactica%3C%2Fstrong%3E%26nbsp%3Bist+die+regelm%C3%A4%C3%9Fige+Party-Reihe+des+QZM%21+Wir+sind+ein+explizit+queerer+Raum%2C+in+dem+alle+willkommen+sind%2C+gemeinsam+in+einer+queerfreundlichen+Atmosph%C3%A4re+zu+feiern.+Diesmal+in+der+gro%C3%9Fartigen+Pride+Rhine+Neckar+Edition.%3C%2Fp%3E+%3Cp%3EWir+verwandeln+die%26nbsp%3B%3Ca+href%3D%22https%3A%2F%2Faltefeuerwache.com%2F%22%3EAlte+Feuerwache%3C%2Fa%3E%26nbsp%3Bin+die%26nbsp%3B%3Cem%3EMystic+Space+Hall%3C%2Fem%3E%21%3C%2Fp%3E+%3Cp%3EZum+Warm-Up+gibt+es+auf+der+Sommerb%C3%BChne+ab+20+Uhr+%3Ca+href%3D%22https%3A%2F%2Fwww.instagram.com%2Fbeckstreetboii%2F%22%3EBecks%3C%2Fa%3E+f%C3%BCr+euch+zu+sehen+und+zu+h%C3%B6ren%21%3Cbr+%2F%3E%3Cbr+%2F%3EAb+23%3A00+Uhr+stehen+die+T%C3%BCren+f%C3%BCr+das+warm-up+offen.+Schon+ab+23%3A30+geht+es+dann+richtig+los%2C+denn+die+%3Ca+href%3D%22https%3A%2F%2Fwww.instagram.com%2Fheideldrag%2F%22%3EHeidleberger+Drag+Family%3C%2Fa%3E+macht+ordentlich+Stimmung.+Bis+4+Uhr+wird+dann+noch+mit+den+talentierten+DJanes%3A+%3Ca+href%3D%22https%3A%2F%2Fwww.instagram.com%2Fdjanethunderpu66y%2F%22%3EDJane+Thunderpussy%3C%2Fa%3E+und+%3Ca+href%3D%22https%3A%2F%2Fwww.instagram.com%2Fdj_mizzdee%2F%22%3EDJ+Mizzdee%3C%2Fa%3E+durch+gefei%3C%2Fp%3E+%28View+Full+event+Description+Here%3A+https%3A%2F%2Fqzm-rn.de%2Fen%2Fevent%2Fqueerlactica-pride-rhine-neckar-edition%2F%29&#038;location=Alte%20Feuerwache,%20Br\u00fcckenstr.%202,%2068167%20Mannheim,%20Deutschland&#038;trp=false&#038;ctz=Europe\/Berlin&#038;sprop=website:https:\/\/qzm-rn.de\/en\"\n\t\t\t\t\t\t\t\t\t\tclass=\"tribe-events-c-subscribe-dropdown__list-item-link\"\n\t\t\t\t\t\t\t\t\t\ttarget=\"_blank\"\n\t\t\t\t\t\t\t\t\t\trel=\"noopener noreferrer nofollow noindex\"\n\t\t\t\t\t\t\t\t\t>\n\t\t\t\t\t\t\t\t\t\tGoogle Calendar\t\t\t\t\t\t\t\t\t<\/a>\n\t\t\t\t\t\t\t\t<\/li>\n\t\t\t\t\t\t\t\t\t\t\t\t\t\t\t<li class=\"tribe-events-c-subscribe-dropdown__list-item tribe-events-c-subscribe-dropdown__list-item--ical\">\n\t\t\t\t\t\t\t\t\t<a\n\t\t\t\t\t\t\t\t\t\thref=\"\"\n\t\t\t\t\t\t\t\t\t\tclass=\"tribe-events-c-subscribe-dropdown__list-item-link\"\n\t\t\t\t\t\t\t\t\t\ttarget=\"_blank\"\n\t\t\t\t\t\t\t\t\t\trel=\"noopener noreferrer nofollow noindex\"\n\t\t\t\t\t\t\t\t\t>\n\t\t\t\t\t\t\t\t\t\tiCalendar\t\t\t\t\t\t\t\t\t<\/a>\n\t\t\t\t\t\t\t\t<\/li>\n\t\t\t\t\t\t\t\t\t\t\t\t\t\t\t<li class=\"tribe-events-c-subscribe-dropdown__list-item tribe-events-c-subscribe-dropdown__list-item--outlook-365\">\n\t\t\t\t\t\t\t\t\t<a\n\t\t\t\t\t\t\t\t\t\thref=\"\"\n\t\t\t\t\t\t\t\t\t\tclass=\"tribe-events-c-subscribe-dropdown__list-item-link\"\n\t\t\t\t\t\t\t\t\t\ttarget=\"_blank\"\n\t\t\t\t\t\t\t\t\t\trel=\"noopener noreferrer nofollow noindex\"\n\t\t\t\t\t\t\t\t\t>\n\t\t\t\t\t\t\t\t\t\tOutlook 365\t\t\t\t\t\t\t\t\t<\/a>\n\t\t\t\t\t\t\t\t<\/li>\n\t\t\t\t\t\t\t\t\t\t\t\t\t\t\t<li class=\"tribe-events-c-subscribe-dropdown__list-item tribe-events-c-subscribe-dropdown__list-item--outlook-live\">\n\t\t\t\t\t\t\t\t\t<a\n\t\t\t\t\t\t\t\t\t\thref=\"\"\n\t\t\t\t\t\t\t\t\t\tclass=\"tribe-events-c-subscribe-dropdown__list-item-link\"\n\t\t\t\t\t\t\t\t\t\ttarget=\"_blank\"\n\t\t\t\t\t\t\t\t\t\trel=\"noopener noreferrer nofollow noindex\"\n\t\t\t\t\t\t\t\t\t>\n\t\t\t\t\t\t\t\t\t\tOutlook Live\t\t\t\t\t\t\t\t\t<\/a>\n\t\t\t\t\t\t\t\t<\/li>\n\t\t\t\t\t\t\t\t\t\t\t\t\t<\/ul>\n\t\t\t\t\t<\/div>\n\t\t\t\t<\/div>\n\t\t\t<\/div>\n\t\t<\/div>\n\t<\/div>\n\n\n\n<h2 class=\"tribe-block__related-events__title\">Related Events<\/h2>\n\n<ul  class=\"tribe-related-events tribe-clearfix\" >\n\t\t\t<li>\n\t\n<div class=\"tribe-related-events-thumbnail\">\n\t<a href=\"https:\/\/qzm-rn.de\/en\/event\/ausstellung-reflection-von-mariia-vernissage\/\" class=\"url\" rel=\"bookmark\" tabindex=\"-1\" aria-hidden=\"true\"><img decoding=\"async\" width=\"1024\" height=\"682\" src=\"https:\/\/qzm-rn.de\/wp-content\/uploads\/2026\/04\/Vernissage-MARIIA-HP-1024x682.png\" class=\"attachment-large size-large wp-post-image\" alt=\"Auf der Graphik erkennt man eine Person in schwarz wei\u00df, die ihre H\u00e4nde \u00fcber das Bild streckt und Informationen zur Foto Ausstellung &quot;reflection&quot; von MARIIA.\" \/><\/a>\n<\/div>\n\t<div class=\"tribe-related-event-info\">\n\t<h3 class=\"tribe-related-events-title\">\n\t\t<a href=\"https:\/\/qzm-rn.de\/en\/event\/ausstellung-reflection-von-mariia-vernissage\/\" class=\"tribe-event-url\" rel=\"bookmark\">\n\t\t\tAusstellung &#8222;reflection&#8220; von MARIIA &#8211; Vernissage\t\t<\/a>\n\t<\/h3>\n\t<span class=\"tribe-event-date-start\">3. May @ 16:00<\/span><\/div>\n<\/li>\n\t\t\t<li>\n\t\n<div class=\"tribe-related-events-thumbnail\">\n\t<a href=\"https:\/\/qzm-rn.de\/en\/event\/selbsthilfegruppe-trans-und-ich-28\/2026-05-04\/\" class=\"url\" rel=\"bookmark\" tabindex=\"-1\" aria-hidden=\"true\"><img decoding=\"async\" width=\"1024\" height=\"682\" src=\"https:\/\/qzm-rn.de\/wp-content\/uploads\/2024\/12\/Design-ohne-Titel-8-1024x682.png\" class=\"attachment-large size-large wp-post-image\" alt=\"\" \/><\/a>\n<\/div>\n\t<div class=\"tribe-related-event-info\">\n\t<h3 class=\"tribe-related-events-title\">\n\t\t<a href=\"https:\/\/qzm-rn.de\/en\/event\/selbsthilfegruppe-trans-und-ich-28\/2026-05-04\/\" class=\"tribe-event-url\" rel=\"bookmark\">\n\t\t\tSelf help group \u201ctrans* and I\u201d\t\t<\/a>\n\t<\/h3>\n\t<span class=\"tribe-event-date-start\">4. May @ 19:00<\/span><\/div>\n<\/li>\n\t\t\t<li>\n\t\n<div class=\"tribe-related-events-thumbnail\">\n\t<a href=\"https:\/\/qzm-rn.de\/en\/event\/flinta-beatmaking-workshop\/\" class=\"url\" rel=\"bookmark\" tabindex=\"-1\" aria-hidden=\"true\"><img loading=\"lazy\" decoding=\"async\" width=\"1024\" height=\"682\" src=\"https:\/\/qzm-rn.de\/wp-content\/uploads\/2026\/04\/Design-ohne-Titel-2-1024x682.png\" class=\"attachment-large size-large wp-post-image\" alt=\"Auf der Graphik ist ein Foto der Musikern SATARII und Informationen zum FLINTA* Beatmaking Workshop.\" \/><\/a>\n<\/div>\n\t<div class=\"tribe-related-event-info\">\n\t<h3 class=\"tribe-related-events-title\">\n\t\t<a href=\"https:\/\/qzm-rn.de\/en\/event\/flinta-beatmaking-workshop\/\" class=\"tribe-event-url\" rel=\"bookmark\">\n\t\t\tFLINTA* Beatmaking Workshop\t\t<\/a>\n\t<\/h3>\n\t<span class=\"tribe-event-date-start\">6. May @ 18:30<\/span><\/div>\n<\/li>\n\t<\/ul>","protected":false},"excerpt":{"rendered":"<p>Die\u00a0Queerlactica\u00a0ist die regelm\u00e4\u00dfige Party-Reihe des QZM! Wir sind ein explizit queerer Raum, in dem alle willkommen sind, gemeinsam in einer queerfreundlichen Atmosph\u00e4re zu feiern. Diesmal in der gro\u00dfartigen Pride Rhine Neckar Edition.<\/p>","protected":false},"author":2,"featured_media":4940,"template":"","meta":{"_tec_requires_first_save":false,"_eb_attr":"","neve_meta_sidebar":"","neve_meta_container":"","neve_meta_enable_content_width":"","neve_meta_content_width":0,"neve_meta_title_alignment":"","neve_meta_author_avatar":"","neve_post_elements_order":"","neve_meta_disable_header":"","neve_meta_disable_footer":"","neve_meta_disable_title":"","_EventAllDay":false,"_EventTimezone":"Europe\/Berlin","_EventStartDate":"2023-08-12 23:00:00","_EventEndDate":"2023-08-13 04:00:00","_EventStartDateUTC":"2023-08-12 21:00:00","_EventEndDateUTC":"2023-08-13 02:00:00","_EventShowMap":false,"_EventShowMapLink":false,"_EventURL":"","_EventCost":"10","_EventCostDescription":"","_EventCurrencySymbol":"EUR","_EventCurrencyCode":"EUR","_EventCurrencyPosition":"prefix","_EventDateTimeSeparator":" @ ","_EventTimeRangeSeparator":" - ","_EventOrganizerID":[],"_EventVenueID":[4280],"_OrganizerEmail":"","_OrganizerPhone":"","_OrganizerWebsite":"","_VenueAddress":"","_VenueCity":"","_VenueCountry":"","_VenueProvince":"","_VenueState":"","_VenueZip":"","_VenuePhone":"","_VenueURL":"","_VenueStateProvince":"","_VenueLat":"","_VenueLng":"","_VenueShowMap":false,"_VenueShowMapLink":false,"_tribe_blocks_recurrence_rules":"","_tribe_blocks_recurrence_description":"","_tribe_blocks_recurrence_exclusions":"","_tribe_events_status":"","_tribe_events_status_reason":"","_tribe_events_is_hybrid":"","_tribe_events_is_virtual":"","_tribe_events_virtual_video_source":"","_tribe_events_virtual_embed_video":"","_tribe_events_virtual_linked_button_text":"","_tribe_events_virtual_linked_button":"","_tribe_events_virtual_show_embed_at":"","_tribe_events_virtual_show_embed_to":[],"_tribe_events_virtual_show_on_event":"","_tribe_events_virtual_show_on_views":"","_tribe_events_virtual_url":"","footnotes":""},"tags":[71,30,34,36,21,227,48,10,603,11,677,134],"tribe_events_cat":[586],"class_list":["post-4279","tribe_events","type-tribe_events","status-publish","has-post-thumbnail","hentry","tag-lgbti","tag-lgbttiq","tag-lsbti","tag-lsbttiq","tag-mannheim","tag-party","tag-queer","tag-queeres-zentrum-mannheim","tag-queerlactica","tag-qzm","tag-rhein-neckar-2","tag-trans","tribe_events_cat-queerlactica","cat_queerlactica"],"jetpack_sharing_enabled":true,"_links":{"self":[{"href":"https:\/\/qzm-rn.de\/en\/wp-json\/wp\/v2\/tribe_events\/4279","targetHints":{"allow":["GET"]}}],"collection":[{"href":"https:\/\/qzm-rn.de\/en\/wp-json\/wp\/v2\/tribe_events"}],"about":[{"href":"https:\/\/qzm-rn.de\/en\/wp-json\/wp\/v2\/types\/tribe_events"}],"author":[{"embeddable":true,"href":"https:\/\/qzm-rn.de\/en\/wp-json\/wp\/v2\/users\/2"}],"version-history":[{"count":0,"href":"https:\/\/qzm-rn.de\/en\/wp-json\/wp\/v2\/tribe_events\/4279\/revisions"}],"wp:featuredmedia":[{"embeddable":true,"href":"https:\/\/qzm-rn.de\/en\/wp-json\/wp\/v2\/media\/4940"}],"wp:attachment":[{"href":"https:\/\/qzm-rn.de\/en\/wp-json\/wp\/v2\/media?parent=4279"}],"wp:term":[{"taxonomy":"post_tag","embeddable":true,"href":"https:\/\/qzm-rn.de\/en\/wp-json\/wp\/v2\/tags?post=4279"},{"taxonomy":"tribe_events_cat","embeddable":true,"href":"https:\/\/qzm-rn.de\/en\/wp-json\/wp\/v2\/tribe_events_cat?post=4279"}],"curies":[{"name":"wp","href":"https:\/\/api.w.org\/{rel}","templated":true}]}}