{"id":7131,"date":"2024-02-28T17:32:06","date_gmt":"2024-02-28T16:32:06","guid":{"rendered":"https:\/\/qzm-rn.de\/?post_type=tribe_events&#038;p=7131"},"modified":"2024-04-04T17:34:30","modified_gmt":"2024-04-04T15:34:30","slug":"gespraech-mit-sophie-labelle-autorin-von-assigned-male-comics-talk-by-sophie-labelle-author-of-assigned-male-comics","status":"publish","type":"tribe_events","link":"https:\/\/qzm-rn.de\/en\/event\/gespraech-mit-sophie-labelle-autorin-von-assigned-male-comics-talk-by-sophie-labelle-author-of-assigned-male-comics\/","title":{"rendered":"Gespr\u00e4ch mit Sophie Labelle, Autorin von &#8222;Assigned Male comics&#8220; \/ Talk by Sophie Labelle, author of &#8222;Assigned Male comics&#8220;"},"content":{"rendered":"<div  class=\"tribe-events-schedule tribe-clearfix\" >\n\t<p class=\"tribe-events-schedule__datetime\">\n\t\t<span class=\"tribe-events-schedule__date tribe-events-schedule__date--start\">\n\t\t\t14. April 2024\t\t<\/span>\n\n\t\t\t\t\t<span class=\"tribe-events-schedule__separator tribe-events-schedule__separator--date\">\n\t\t\t\t @ \t\t\t<\/span>\n\t\t\t<span class=\"tribe-events-schedule__time tribe-events-schedule__time--start\">\n\t\t\t\t18:00\t\t\t<\/span>\n\t\t\n\t\t\t<\/p>\n<\/div>\n\n\n\n<p>Deutsch (English below) <\/p>\n\n\n\n<p>Sophie Labelle ist wieder auf Tour! Wir freuen uns sehr, euch am Sonntag, den 14. April um 18:00 Uhr zu einem Gespr\u00e4ch mit der franz\u00f6sisch-kanadischen Comiczeichnerin, Schriftstellerin und Aktivistin Sophie Labelle einzuladen.<\/p>\n\n\n\n<p>W\u00e4hrend des Gespr\u00e4chs wird sie \u00fcber ihre Kunst und Aktivismus, ihren k\u00fcnstlerischen Schaffungsprozess, das Comic-Zeichnen, Communitybuilding und St\u00e4rkung durch Kunst sprechen. Sie beantwortet Fragen des Puplikums und siginiert am Ende ihre B\u00fccher. Zwischendurch wird auf Deutsch \u00fcbersetzt.<\/p>\n\n\n\n<p>F\u00fcr uns ist das eine besondere Veranstaltung, da die Lesung von Sophie in Mannheim 2021 eine der ersten vor Ort Veranstaltungen im Queeren Zentrum Mannheim \u00fcberhaupt war!<\/p>\n\n\n\n<p>Vielleicht habt ihr bereits einige ihrer Comics an den W\u00e4nden des QZM gesehen. Ihr Webcomic Assigned Male comics \/ Serious Trans Vibes l\u00e4uft seit 2014 und handelt von den Abenteuern einer Gruppe sarkastischer trans* und queerer Jugendlichen.<\/p>\n\n\n\n<p>Sophie Labelle ist seit zwei Jahrzehnten im Aktivismus involviert und hat einige Comicb\u00fccher, Romane und Kinderb\u00fccher ver\u00f6ffentlicht. Sie ist au\u00dferdem die erste geoutete trans* Person, die im franz\u00f6sischen Kanada f\u00fcr einen politischen Posten kandidiert hat. Seitdem hat sie eine finnische kunstschaffende Person geheiratet und lebt nun in Finnland.<\/p>\n\n\n\n<p>Das QZM ist stufenlos zug\u00e4nglich und es gibt eine barrierearme Toilette. Fragen zu Barrierearmut gerne per E-Mail an <a href=\"mailto:info@qzm-rn.de\">info@qzm-rn.de<\/a> oder telefonisch 0621 15677628.<\/p>\n\n\n\n<p>English<\/p>\n\n\n\n<p>Sophie Labelle is on tour again! We\u2019re really excited to invite you on Sunday, April 14<sup>th<\/sup> at 6 o\u2019clock to a talk by the French-Canadian author and activist Sophie Labelle.<\/p>\n\n\n\n<p>During her talk, she will speak about her art and activism, her artistic process, comic-making, community building and empowerment through art. She will answer questions from the audience and sign book at the end. In between there will be translations.<\/p>\n\n\n\n<p>This is a special event because the reading by Sophie in Mannheim in 2021 was one of the first ever in-person events of the Queeres Zentrum Mannheim!<\/p>\n\n\n\n<p>Maybe you have already seen of her comics on the walls of the QZM. Her webcomic Assigned Male comics \/ Serious Trans Vibes has been running since 2014 and is about the adventures of a group of sarcastic trans and queer teenagers.<\/p>\n\n\n\n<p>Sophie Labelle has been involved in activism for two decades and has published several comic books, novels and children\u2019s books. She is also the first out trans person to run for office in French Canada. She has since married a Finnish artist, and now lives in Finland.<\/p>\n\n\n\n<p>The QZM has a step-free access and there is an accessible toilet. Questions about accessibility can be sent to <a href=\"mailto:info@qzm-rn.de\">info@qzm-rn.de<\/a> or via telephone 062115677628.<\/p>\n\n\n<div  class=\"tribe-block tribe-block__event-price\" >\n\t\t\t<span class=\"tribe-block__event-price__cost\"> Kostenlos <\/span>\n\t\t<\/div>\n\n\n\n\n<div  class=\"tribe-block tribe-block__venue tribe-clearfix\" >\n\t\n\t\n<div class=\"tribe-block__venue__meta\">\n\t<div class=\"tribe-block__venue__name\">\n\t\t<h3><a href=\"https:\/\/qzm-rn.de\/en\/venue\/qzm\/\" title=\"QZM\">QZM<\/a><\/h3>\n\t<\/div>\n\n\t\n\t\t\t\t\t\t<address class=\"tribe-block__venue__address\">\n\t\t\t\t<span class=\"tribe-address\">\n\n<span class=\"tribe-street-address\">G7 ,14<\/span>\n\t\n\t\t<br>\n\t\t<span class=\"tribe-locality\">Mannheim<\/span><span class=\"tribe-delimiter\">,<\/span>\n\n\n\t<span class=\"tribe-postal-code\">68159<\/span>\n\n\t<span class=\"tribe-country-name\">Deutschland<\/span>\n\n<\/span>\n\n\t\t\t\t\t\t\t<\/address>\n\t\t\n\t\t\n\t\t\t\t\t<span class=\"tribe-block__venue__website\"><a href=\"http:\/\/qzm-rn.de\/en\/\" target=\"_self\" rel=\"external\">View Venue Website<\/a><\/span><br \/>\n\t\t\t\n\t<\/div>\n\t\n\t<\/div>\n\n\n\n\n\t<div  class=\"tribe-block tribe-block__events-link\" >\n\t\t<div class=\"tribe-events tribe-common\">\n\t\t\t<div class=\"tribe-events-c-subscribe-dropdown__container\">\n\t\t\t\t<div class=\"tribe-events-c-subscribe-dropdown\">\n\t\t\t\t\t<div class=\"tribe-common-c-btn-border tribe-events-c-subscribe-dropdown__button\">\n\t\t\t\t\t\t<svg\n\t class=\"tribe-common-c-svgicon tribe-common-c-svgicon--cal-export tribe-events-c-subscribe-dropdown__export-icon\" \taria-hidden=\"true\"\n\tviewbox=\"0 0 23 17\"\n\txmlns=\"http:\/\/www.w3.org\/2000\/svg\"\n>\n\t<path fill-rule=\"evenodd\" clip-rule=\"evenodd\" d=\"M.128.896V16.13c0 .211.145.383.323.383h15.354c.179 0 .323-.172.323-.383V.896c0-.212-.144-.383-.323-.383H.451C.273.513.128.684.128.896Zm16 6.742h-.901V4.679H1.009v10.729h14.218v-3.336h.901V7.638ZM1.01 1.614h14.218v2.058H1.009V1.614Z\" \/>\n\t<path d=\"M20.5 9.846H8.312M18.524 6.953l2.89 2.909-2.855 2.855\" stroke-width=\"1.2\" stroke-linecap=\"round\" stroke-linejoin=\"round\"\/>\n<\/svg>\n\t\t\t\t\t\t<button\n\t\t\t\t\t\t\tclass=\"tribe-events-c-subscribe-dropdown__button-text\"\n\t\t\t\t\t\t\taria-expanded=\"false\"\n\t\t\t\t\t\t\taria-controls=\"tribe-events-subscribe-dropdown-content\"\n\t\t\t\t\t\t\taria-label=\"View links to add events to your calendar\"\n\t\t\t\t\t\t>\n\t\t\t\t\t\t\tAdd to calendar\t\t\t\t\t\t<\/button>\n\t\t\t\t\t\t<svg\n\t class=\"tribe-common-c-svgicon tribe-common-c-svgicon--caret-down tribe-events-c-subscribe-dropdown__button-icon\" \taria-hidden=\"true\"\n\tviewbox=\"0 0 10 7\"\n\txmlns=\"http:\/\/www.w3.org\/2000\/svg\"\n>\n\t<path fill-rule=\"evenodd\" clip-rule=\"evenodd\" d=\"M1.008.609L5 4.6 8.992.61l.958.958L5 6.517.05 1.566l.958-.958z\" class=\"tribe-common-c-svgicon__svg-fill\"\/>\n<\/svg>\n\t\t\t\t\t<\/div>\n\t\t\t\t\t<div id=\"tribe-events-subscribe-dropdown-content\" class=\"tribe-events-c-subscribe-dropdown__content\">\n\t\t\t\t\t\t<ul class=\"tribe-events-c-subscribe-dropdown__list\">\n\t\t\t\t\t\t\t\t\t\t\t\t\t\t\t<li class=\"tribe-events-c-subscribe-dropdown__list-item tribe-events-c-subscribe-dropdown__list-item--gcal\">\n\t\t\t\t\t\t\t\t\t<a\n\t\t\t\t\t\t\t\t\t\thref=\"https:\/\/www.google.com\/calendar\/event?action=TEMPLATE&#038;dates=20240414T180000\/20240414T180000&#038;text=Gespr%C3%A4ch%20mit%20Sophie%20Labelle%2C%20Autorin%20von%20%26%238222%3BAssigned%20Male%20comics%26%238220%3B%20%2F%20Talk%20by%20Sophie%20Labelle%2C%20author%20of%20%26%238222%3BAssigned%20Male%20comics%26%238220%3B&#038;details=%3Cp%3EDeutsch+%28English+below%29+%3C%2Fp%3E+%3Cp%3ESophie+Labelle+ist+wieder+auf+Tour%21+Wir+freuen+uns+sehr%2C+euch+am+Sonntag%2C+den+14.+April+um+18%3A00+Uhr+zu+einem+Gespr%C3%A4ch+mit+der+franz%C3%B6sisch-kanadischen+Comiczeichnerin%2C+Schriftstellerin+und+Aktivistin+Sophie+Labelle+einzuladen.%3C%2Fp%3E+%3Cp%3EW%C3%A4hrend+des+Gespr%C3%A4chs+wird+sie+%C3%BCber+ihre+Kunst+und+Aktivismus%2C+ihren+k%C3%BCnstlerischen+Schaffungsprozess%2C+das+Comic-Zeichnen%2C+Communitybuilding+und+St%C3%A4rkung+durch+Kunst+sprechen.+Sie+beantwortet+Fragen+des+Puplikums+und+siginiert+am+Ende+ihre+B%C3%BCcher.+Zwischendurch+wird+auf+Deutsch+%C3%BCbersetzt.%3C%2Fp%3E+%3Cp%3EF%C3%BCr+uns+ist+das+eine+besondere+Veranstaltung%2C+da+die+Lesung+von+Sophie+in+Mannheim+2021+eine+der+ersten+vor+Ort+Veranstaltungen+im+Queeren+Zentrum+Mannheim+%C3%BCberhaupt+war%21%3C%2Fp%3E+%3Cp%3EVielleicht+habt+ihr+bereits+einige+ihrer+Comics+an+den+W%C3%A4nden+des+QZM+gesehen.+Ihr+Webcomic+Assigned+Male+comics+%2F+Serious+Trans+Vibes+l%C3%A4uft+seit+2014+und+handelt+von+den+Abenteuern+einer+Gruppe+sarkastischer+trans%2A+und+%3C%2Fp%3E+%28View+Full+event+Description+Here%3A+https%3A%2F%2Fqzm-rn.de%2Fen%2Fevent%2Fgespraech-mit-sophie-labelle-autorin-von-assigned-male-comics-talk-by-sophie-labelle-author-of-assigned-male-comics%2F%29&#038;location=QZM,%20G7%20,14,%20Mannheim,%2068159,%20Deutschland&#038;trp=false&#038;ctz=Europe\/Berlin&#038;sprop=website:https:\/\/qzm-rn.de\/en\"\n\t\t\t\t\t\t\t\t\t\tclass=\"tribe-events-c-subscribe-dropdown__list-item-link\"\n\t\t\t\t\t\t\t\t\t\ttarget=\"_blank\"\n\t\t\t\t\t\t\t\t\t\trel=\"noopener noreferrer nofollow noindex\"\n\t\t\t\t\t\t\t\t\t>\n\t\t\t\t\t\t\t\t\t\tGoogle Calendar\t\t\t\t\t\t\t\t\t<\/a>\n\t\t\t\t\t\t\t\t<\/li>\n\t\t\t\t\t\t\t\t\t\t\t\t\t\t\t<li class=\"tribe-events-c-subscribe-dropdown__list-item tribe-events-c-subscribe-dropdown__list-item--ical\">\n\t\t\t\t\t\t\t\t\t<a\n\t\t\t\t\t\t\t\t\t\thref=\"\"\n\t\t\t\t\t\t\t\t\t\tclass=\"tribe-events-c-subscribe-dropdown__list-item-link\"\n\t\t\t\t\t\t\t\t\t\ttarget=\"_blank\"\n\t\t\t\t\t\t\t\t\t\trel=\"noopener noreferrer nofollow noindex\"\n\t\t\t\t\t\t\t\t\t>\n\t\t\t\t\t\t\t\t\t\tiCalendar\t\t\t\t\t\t\t\t\t<\/a>\n\t\t\t\t\t\t\t\t<\/li>\n\t\t\t\t\t\t\t\t\t\t\t\t\t\t\t<li class=\"tribe-events-c-subscribe-dropdown__list-item tribe-events-c-subscribe-dropdown__list-item--outlook-365\">\n\t\t\t\t\t\t\t\t\t<a\n\t\t\t\t\t\t\t\t\t\thref=\"\"\n\t\t\t\t\t\t\t\t\t\tclass=\"tribe-events-c-subscribe-dropdown__list-item-link\"\n\t\t\t\t\t\t\t\t\t\ttarget=\"_blank\"\n\t\t\t\t\t\t\t\t\t\trel=\"noopener noreferrer nofollow noindex\"\n\t\t\t\t\t\t\t\t\t>\n\t\t\t\t\t\t\t\t\t\tOutlook 365\t\t\t\t\t\t\t\t\t<\/a>\n\t\t\t\t\t\t\t\t<\/li>\n\t\t\t\t\t\t\t\t\t\t\t\t\t\t\t<li class=\"tribe-events-c-subscribe-dropdown__list-item tribe-events-c-subscribe-dropdown__list-item--outlook-live\">\n\t\t\t\t\t\t\t\t\t<a\n\t\t\t\t\t\t\t\t\t\thref=\"\"\n\t\t\t\t\t\t\t\t\t\tclass=\"tribe-events-c-subscribe-dropdown__list-item-link\"\n\t\t\t\t\t\t\t\t\t\ttarget=\"_blank\"\n\t\t\t\t\t\t\t\t\t\trel=\"noopener noreferrer nofollow noindex\"\n\t\t\t\t\t\t\t\t\t>\n\t\t\t\t\t\t\t\t\t\tOutlook Live\t\t\t\t\t\t\t\t\t<\/a>\n\t\t\t\t\t\t\t\t<\/li>\n\t\t\t\t\t\t\t\t\t\t\t\t\t<\/ul>\n\t\t\t\t\t<\/div>\n\t\t\t\t<\/div>\n\t\t\t<\/div>\n\t\t<\/div>\n\t<\/div>\n\n\n\n<h2 class=\"tribe-block__related-events__title\">Related Events<\/h2>\n\n<ul  class=\"tribe-related-events tribe-clearfix\" >\n\t\t\t<li>\n\t\n<div class=\"tribe-related-events-thumbnail\">\n\t<a href=\"https:\/\/qzm-rn.de\/en\/event\/theater-und-bewegungskurs-fuer-mehr-entspannung-und-kontakt\/2026-04-30\/\" class=\"url\" rel=\"bookmark\" tabindex=\"-1\" aria-hidden=\"true\"><img fetchpriority=\"high\" decoding=\"async\" width=\"1024\" height=\"682\" src=\"https:\/\/qzm-rn.de\/wp-content\/uploads\/2026\/03\/Kurs-HP-1-1024x682.png\" class=\"attachment-large size-large wp-post-image\" alt=\"Auf der Graphik erkennt man ein Capybara in einem Schwimmring und Informationen zum Theaterworkshop.\" \/><\/a>\n<\/div>\n\t<div class=\"tribe-related-event-info\">\n\t<h3 class=\"tribe-related-events-title\">\n\t\t<a href=\"https:\/\/qzm-rn.de\/en\/event\/theater-und-bewegungskurs-fuer-mehr-entspannung-und-kontakt\/2026-04-30\/\" class=\"tribe-event-url\" rel=\"bookmark\">\n\t\t\tAbgesagt: Theater- und Bewegungskurs f\u00fcr mehr Entspannung und Kontakt\t\t<\/a>\n\t<\/h3>\n\t<span class=\"tribe-event-date-start\">30. April @ 08:00<\/span> &#8211; <span class=\"tribe-event-time\">09:00<\/span><\/div>\n<\/li>\n\t\t\t<li>\n\t\n<div class=\"tribe-related-events-thumbnail\">\n\t<a href=\"https:\/\/qzm-rn.de\/en\/event\/ausstellung-reflection-von-mariia-vernissage\/\" class=\"url\" rel=\"bookmark\" tabindex=\"-1\" aria-hidden=\"true\"><img decoding=\"async\" width=\"1024\" height=\"682\" src=\"https:\/\/qzm-rn.de\/wp-content\/uploads\/2026\/04\/Vernissage-MARIIA-HP-1024x682.png\" class=\"attachment-large size-large wp-post-image\" alt=\"Auf der Graphik erkennt man eine Person in schwarz wei\u00df, die ihre H\u00e4nde \u00fcber das Bild streckt und Informationen zur Foto Ausstellung &quot;reflection&quot; von MARIIA.\" \/><\/a>\n<\/div>\n\t<div class=\"tribe-related-event-info\">\n\t<h3 class=\"tribe-related-events-title\">\n\t\t<a href=\"https:\/\/qzm-rn.de\/en\/event\/ausstellung-reflection-von-mariia-vernissage\/\" class=\"tribe-event-url\" rel=\"bookmark\">\n\t\t\tAusstellung &#8222;reflection&#8220; von MARIIA &#8211; Vernissage\t\t<\/a>\n\t<\/h3>\n\t<span class=\"tribe-event-date-start\">3. May @ 16:00<\/span><\/div>\n<\/li>\n\t\t\t<li>\n\t\n<div class=\"tribe-related-events-thumbnail\">\n\t<a href=\"https:\/\/qzm-rn.de\/en\/event\/selbsthilfegruppe-trans-und-ich-28\/2026-05-04\/\" class=\"url\" rel=\"bookmark\" tabindex=\"-1\" aria-hidden=\"true\"><img decoding=\"async\" width=\"1024\" height=\"682\" src=\"https:\/\/qzm-rn.de\/wp-content\/uploads\/2024\/12\/Design-ohne-Titel-8-1024x682.png\" class=\"attachment-large size-large wp-post-image\" alt=\"\" \/><\/a>\n<\/div>\n\t<div class=\"tribe-related-event-info\">\n\t<h3 class=\"tribe-related-events-title\">\n\t\t<a href=\"https:\/\/qzm-rn.de\/en\/event\/selbsthilfegruppe-trans-und-ich-28\/2026-05-04\/\" class=\"tribe-event-url\" rel=\"bookmark\">\n\t\t\tSelf help group \u201ctrans* and I\u201d\t\t<\/a>\n\t<\/h3>\n\t<span class=\"tribe-event-date-start\">4. May @ 19:00<\/span><\/div>\n<\/li>\n\t<\/ul>","protected":false},"excerpt":{"rendered":"<p>Sophie Labelle ist wieder auf Tour! Wir freuen uns sehr, euch am Sonntag, den 14. April um 18:00 Uhr zu einem Gespr\u00e4ch mit der franz\u00f6sisch-kanadischen Comiczeichnerin, Schriftstellerin und Aktivistin Sophie Labelle einzuladen.<\/p>","protected":false},"author":2,"featured_media":7348,"template":"","meta":{"_tec_requires_first_save":false,"_eb_attr":"","neve_meta_sidebar":"","neve_meta_container":"","neve_meta_enable_content_width":"","neve_meta_content_width":0,"neve_meta_title_alignment":"","neve_meta_author_avatar":"","neve_post_elements_order":"","neve_meta_disable_header":"","neve_meta_disable_footer":"","neve_meta_disable_title":"","_EventAllDay":false,"_EventTimezone":"Europe\/Berlin","_EventStartDate":"2024-04-14 18:00:00","_EventEndDate":"2024-04-14 18:00:00","_EventStartDateUTC":"2024-04-14 16:00:00","_EventEndDateUTC":"2024-04-14 16:00:00","_EventShowMap":false,"_EventShowMapLink":false,"_EventURL":"","_EventCost":"Kostenlos","_EventCostDescription":"","_EventCurrencySymbol":"EUR","_EventCurrencyCode":"EUR","_EventCurrencyPosition":"prefix","_EventDateTimeSeparator":" @ ","_EventTimeRangeSeparator":" - ","_EventOrganizerID":[],"_EventVenueID":[2523],"_OrganizerEmail":"","_OrganizerPhone":"","_OrganizerWebsite":"","_VenueAddress":"","_VenueCity":"","_VenueCountry":"","_VenueProvince":"","_VenueState":"","_VenueZip":"","_VenuePhone":"","_VenueURL":"","_VenueStateProvince":"","_VenueLat":"","_VenueLng":"","_VenueShowMap":false,"_VenueShowMapLink":false,"_tribe_blocks_recurrence_rules":"","_tribe_blocks_recurrence_description":"","_tribe_blocks_recurrence_exclusions":"","_tribe_events_status":"","_tribe_events_status_reason":"","_tribe_events_is_hybrid":"","_tribe_events_is_virtual":"","_tribe_events_virtual_video_source":"","_tribe_events_virtual_embed_video":"","_tribe_events_virtual_linked_button_text":"","_tribe_events_virtual_linked_button":"","_tribe_events_virtual_show_embed_at":"","_tribe_events_virtual_show_embed_to":[],"_tribe_events_virtual_show_on_event":"","_tribe_events_virtual_show_on_views":"","_tribe_events_virtual_url":"","footnotes":""},"tags":[896,153,71,30,34,36,48,10,11,156,134],"tribe_events_cat":[502,504,530],"class_list":["post-7131","tribe_events","type-tribe_events","status-publish","has-post-thumbnail","hentry","tag-assigned-male-comics","tag-lesung","tag-lgbti","tag-lgbttiq","tag-lsbti","tag-lsbttiq","tag-queer","tag-queeres-zentrum-mannheim","tag-qzm","tag-sophie-labelle","tag-trans","tribe_events_cat-gespraech","tribe_events_cat-literatur","tribe_events_cat-veranstaltung","cat_gespraech","cat_literatur","cat_veranstaltung"],"jetpack_sharing_enabled":true,"_links":{"self":[{"href":"https:\/\/qzm-rn.de\/en\/wp-json\/wp\/v2\/tribe_events\/7131","targetHints":{"allow":["GET"]}}],"collection":[{"href":"https:\/\/qzm-rn.de\/en\/wp-json\/wp\/v2\/tribe_events"}],"about":[{"href":"https:\/\/qzm-rn.de\/en\/wp-json\/wp\/v2\/types\/tribe_events"}],"author":[{"embeddable":true,"href":"https:\/\/qzm-rn.de\/en\/wp-json\/wp\/v2\/users\/2"}],"version-history":[{"count":0,"href":"https:\/\/qzm-rn.de\/en\/wp-json\/wp\/v2\/tribe_events\/7131\/revisions"}],"wp:featuredmedia":[{"embeddable":true,"href":"https:\/\/qzm-rn.de\/en\/wp-json\/wp\/v2\/media\/7348"}],"wp:attachment":[{"href":"https:\/\/qzm-rn.de\/en\/wp-json\/wp\/v2\/media?parent=7131"}],"wp:term":[{"taxonomy":"post_tag","embeddable":true,"href":"https:\/\/qzm-rn.de\/en\/wp-json\/wp\/v2\/tags?post=7131"},{"taxonomy":"tribe_events_cat","embeddable":true,"href":"https:\/\/qzm-rn.de\/en\/wp-json\/wp\/v2\/tribe_events_cat?post=7131"}],"curies":[{"name":"wp","href":"https:\/\/api.w.org\/{rel}","templated":true}]}}