{"id":7402,"date":"2024-04-17T14:57:23","date_gmt":"2024-04-17T12:57:23","guid":{"rendered":"https:\/\/qzm-rn.de\/?post_type=tribe_events&#038;p=7402"},"modified":"2024-04-18T10:47:50","modified_gmt":"2024-04-18T08:47:50","slug":"ulrike-lembke","status":"publish","type":"tribe_events","link":"https:\/\/qzm-rn.de\/en\/event\/ulrike-lembke\/","title":{"rendered":"GLEICHE Rechte f\u00fcr ALLE Geschlechter &#8211; zwischen Selbstbestimmungsgesetz und Gleichstellungspolitik"},"content":{"rendered":"<div  class=\"tribe-events-schedule tribe-clearfix\" >\n\t<p class=\"tribe-events-schedule__datetime\">\n\t\t<span class=\"tribe-events-schedule__date tribe-events-schedule__date--start\">\n\t\t\t24. April 2024\t\t<\/span>\n\n\t\t\t\t\t<span class=\"tribe-events-schedule__separator tribe-events-schedule__separator--date\">\n\t\t\t\t @ \t\t\t<\/span>\n\t\t\t<span class=\"tribe-events-schedule__time tribe-events-schedule__time--start\">\n\t\t\t\t19:30\t\t\t<\/span>\n\t\t\n\t\t\t<\/p>\n<\/div>\n\n\n\n<p>Prof. Dr. Ulrike Lembke:<\/p>\n\n\n\n<p><strong>Gleichstellung und geschlechtliche Vielfalt \u2013 Recht gegen verschiedene Formen von Geschlechtsdiskriminierung<\/strong><br><br>Das Selbstbestimmungsgesetz wurde nach Jahren des politischen Ringens im Bundestag verabschiedet \u2013 wie geht es jetzt weiter?<br><br>Das Gesetz zur geschlechtlichen Selbstbestimmung ist seit Jahren umstritten.<br>TIN*-klusive Aktivist*innen und feministische Verb\u00fcndete kritisieren, dass die Regelungen sehr wenige Rechte garantieren.<br><br>Stattdessen wird Misstrauen und Transphobie gesch\u00fcrt. Die bin\u00e4re Geschlechternorm wird in vielen Paragrafen zugrunde gelegt oder betont &#8211; intergeschlechtliche und non-bin\u00e4re Menschen werden kaum ber\u00fccksichtigt.<br>Rechtspopulistische Bewegungen und Parteien wollen das veraltete und diskriminierende Transsexuellengesetz behalten. \u201eFeministische\u201c Aktivist*innen sehen die Errungenschaften der Frauenbewegung in Gefahr.<br><br>Dabei geh\u00f6ren der Kampf gegen Diskriminierung wegen der geschlechtlichen und sexuellen Identit\u00e4t sowie der Kampf gegen Diskriminierung von Frauen untrennbar zusammen.<br><br><br>TIN*-Personen, Frauen und queere Personen erleben Abwertung, Ausgrenzung, Benachteiligung und Gewalt wegen ihres Geschlechts. Das ist vom Verfassungsrecht explizit verboten, aber die Umsetzung ist schwierig.<br>Politisches Handeln in Solidarit\u00e4t ist notwendig, um die Verfassung durchzusetzen und Geschlechtsdiskriminierung in jeder Form zu beenden.<br>Welche Grundlage daf\u00fcr bietet das neue Selbstbestimmungsgesetz?<br><br>Prof. Dr. Ulrike Lembke ist freie Rechtswissenschaftlerin, Expertin f\u00fcr rechtliche Geschlechterstudien und lehrt an unterschiedlichen Universit\u00e4ten in Deutschland.<br><br><br>Schon 2006 hat Ulrike Lembke mit ihrer Kollegin Lena Foljanty das Studienbuch \u201eFeministische Rechtswissenschaft\u201c, das einzige Lehrbuch zu den Legal Gender Studies in Deutschland, herausgegeben.<br><br>Zu ihren Forschungsschwerpunkten z\u00e4hlen die Grundlagen des \u00d6ffentlichen Rechts, Menschenrechte, Rechtstheorie, Legal Gender Studies sowie Gewaltforschung aus Perspektive der Geschlechterforschung.<br><br>Wir freuen uns, Prof. Dr. Ulrike Lembke als Expertin und Aktivistin im Queeren Zentrum Mannheim begr\u00fc\u00dfen zu d\u00fcrfen und laden euch ein, diesen besonderen Abend mitzuerleben. <br>\u00a0<\/p>\n\n\n\n<p>Der Eintritt ist frei.<\/p>\n\n\n\n<p>The QZM is steplessly accessible and there is an accessible toilet.<\/p>\n\n\n\n<p>Fragen zu Barrierearmut gerne per E-Mail an <a href=\"mailto:info@qzm-rn.de\">info@qzm-rn.de<\/a> oder per Telefon 0621 15677628.<\/p>\n\n\n<div  class=\"tribe-block tribe-block__event-price\" >\n\t\t\t<span class=\"tribe-block__event-price__cost\"> Free <\/span>\n\t\t<\/div>\n\n\n\n\n<div  class=\"tribe-block tribe-block__venue tribe-clearfix\" >\n\t\n\t\n<div class=\"tribe-block__venue__meta\">\n\t<div class=\"tribe-block__venue__name\">\n\t\t<h3><a href=\"https:\/\/qzm-rn.de\/en\/venue\/qzm\/\" title=\"QZM\">QZM<\/a><\/h3>\n\t<\/div>\n\n\t\n\t\t\t\t\t\t<address class=\"tribe-block__venue__address\">\n\t\t\t\t<span class=\"tribe-address\">\n\n<span class=\"tribe-street-address\">G7 ,14<\/span>\n\t\n\t\t<br>\n\t\t<span class=\"tribe-locality\">Mannheim<\/span><span class=\"tribe-delimiter\">,<\/span>\n\n\n\t<span class=\"tribe-postal-code\">68159<\/span>\n\n\t<span class=\"tribe-country-name\">Deutschland<\/span>\n\n<\/span>\n\n\t\t\t\t\t\t\t<\/address>\n\t\t\n\t\t\n\t\t\t\t\t<span class=\"tribe-block__venue__website\"><a href=\"http:\/\/qzm-rn.de\/en\/\" target=\"_self\" rel=\"external\">View Venue Website<\/a><\/span><br \/>\n\t\t\t\n\t<\/div>\n\t\n\t<\/div>\n\n\n\n\n\t<div  class=\"tribe-block tribe-block__events-link\" >\n\t\t<div class=\"tribe-events tribe-common\">\n\t\t\t<div class=\"tribe-events-c-subscribe-dropdown__container\">\n\t\t\t\t<div class=\"tribe-events-c-subscribe-dropdown\">\n\t\t\t\t\t<div class=\"tribe-common-c-btn-border tribe-events-c-subscribe-dropdown__button\">\n\t\t\t\t\t\t<svg\n\t class=\"tribe-common-c-svgicon tribe-common-c-svgicon--cal-export tribe-events-c-subscribe-dropdown__export-icon\" \taria-hidden=\"true\"\n\tviewbox=\"0 0 23 17\"\n\txmlns=\"http:\/\/www.w3.org\/2000\/svg\"\n>\n\t<path fill-rule=\"evenodd\" clip-rule=\"evenodd\" d=\"M.128.896V16.13c0 .211.145.383.323.383h15.354c.179 0 .323-.172.323-.383V.896c0-.212-.144-.383-.323-.383H.451C.273.513.128.684.128.896Zm16 6.742h-.901V4.679H1.009v10.729h14.218v-3.336h.901V7.638ZM1.01 1.614h14.218v2.058H1.009V1.614Z\" \/>\n\t<path d=\"M20.5 9.846H8.312M18.524 6.953l2.89 2.909-2.855 2.855\" stroke-width=\"1.2\" stroke-linecap=\"round\" stroke-linejoin=\"round\"\/>\n<\/svg>\n\t\t\t\t\t\t<button\n\t\t\t\t\t\t\tclass=\"tribe-events-c-subscribe-dropdown__button-text\"\n\t\t\t\t\t\t\taria-expanded=\"false\"\n\t\t\t\t\t\t\taria-controls=\"tribe-events-subscribe-dropdown-content\"\n\t\t\t\t\t\t\taria-label=\"View links to add events to your calendar\"\n\t\t\t\t\t\t>\n\t\t\t\t\t\t\tAdd to calendar\t\t\t\t\t\t<\/button>\n\t\t\t\t\t\t<svg\n\t class=\"tribe-common-c-svgicon tribe-common-c-svgicon--caret-down tribe-events-c-subscribe-dropdown__button-icon\" \taria-hidden=\"true\"\n\tviewbox=\"0 0 10 7\"\n\txmlns=\"http:\/\/www.w3.org\/2000\/svg\"\n>\n\t<path fill-rule=\"evenodd\" clip-rule=\"evenodd\" d=\"M1.008.609L5 4.6 8.992.61l.958.958L5 6.517.05 1.566l.958-.958z\" class=\"tribe-common-c-svgicon__svg-fill\"\/>\n<\/svg>\n\t\t\t\t\t<\/div>\n\t\t\t\t\t<div id=\"tribe-events-subscribe-dropdown-content\" class=\"tribe-events-c-subscribe-dropdown__content\">\n\t\t\t\t\t\t<ul class=\"tribe-events-c-subscribe-dropdown__list\">\n\t\t\t\t\t\t\t\t\t\t\t\t\t\t\t<li class=\"tribe-events-c-subscribe-dropdown__list-item tribe-events-c-subscribe-dropdown__list-item--gcal\">\n\t\t\t\t\t\t\t\t\t<a\n\t\t\t\t\t\t\t\t\t\thref=\"https:\/\/www.google.com\/calendar\/event?action=TEMPLATE&#038;dates=20240424T193000\/20240424T193000&#038;text=GLEICHE%20Rechte%20f%C3%BCr%20ALLE%20Geschlechter%20%26%238211%3B%20zwischen%20Selbstbestimmungsgesetz%20und%20Gleichstellungspolitik&#038;details=%3Cp%3EProf.+Dr.+Ulrike+Lembke%3A%3C%2Fp%3E+%3Cp%3E%3Cstrong%3EGleichstellung+und+geschlechtliche+Vielfalt+%E2%80%93+Recht+gegen+verschiedene+Formen+von+Geschlechtsdiskriminierung%3C%2Fstrong%3E%3Cbr+%2F%3E%3Cbr+%2F%3EDas+Selbstbestimmungsgesetz+wurde+nach+Jahren+des+politischen+Ringens+im+Bundestag+verabschiedet+%E2%80%93+wie+geht+es+jetzt+weiter%3F%3Cbr+%2F%3E%3Cbr+%2F%3EDas+Gesetz+zur+geschlechtlichen+Selbstbestimmung+ist+seit+Jahren+umstritten.%3Cbr+%2F%3ETIN%2A-klusive+Aktivist%2Ainnen+und+feministische+Verb%C3%BCndete+kritisieren%2C+dass+die+Regelungen+sehr+wenige+Rechte+garantieren.%3Cbr+%2F%3E%3Cbr+%2F%3EStattdessen+wird+Misstrauen+und+Transphobie+gesch%C3%BCrt.+Die+bin%C3%A4re+Geschlechternorm+wird+in+vielen+Paragrafen+zugrunde+gelegt+oder+betont+-+intergeschlechtliche+und+non-bin%C3%A4re+Menschen+werden+kaum+ber%C3%BCcksichtigt.%3Cbr+%2F%3ERechtspopulistische+Bewegungen+und+Parteien+wollen+das+veraltete+und+diskriminierende+Transsexuellengesetz+behalten.+%E2%80%9EFeministische%E2%80%9C+Aktivist%2Ainnen+sehen+die+Errungenschaften+der+Frauenbewegung+in+Gefahr.%3Cbr+%2F%3E%3Cbr+%2F%3EDabei+geh%C3%B6ren+der+Kampf+gegen+Diskrimini%3C%2Fp%3E+%28View+Full+event+Description+Here%3A+https%3A%2F%2Fqzm-rn.de%2Fen%2Fevent%2Fulrike-lembke%2F%29&#038;location=QZM,%20G7%20,14,%20Mannheim,%2068159,%20Deutschland&#038;trp=false&#038;ctz=Europe\/Berlin&#038;sprop=website:https:\/\/qzm-rn.de\/en\"\n\t\t\t\t\t\t\t\t\t\tclass=\"tribe-events-c-subscribe-dropdown__list-item-link\"\n\t\t\t\t\t\t\t\t\t\ttarget=\"_blank\"\n\t\t\t\t\t\t\t\t\t\trel=\"noopener noreferrer nofollow noindex\"\n\t\t\t\t\t\t\t\t\t>\n\t\t\t\t\t\t\t\t\t\tGoogle Calendar\t\t\t\t\t\t\t\t\t<\/a>\n\t\t\t\t\t\t\t\t<\/li>\n\t\t\t\t\t\t\t\t\t\t\t\t\t\t\t<li class=\"tribe-events-c-subscribe-dropdown__list-item tribe-events-c-subscribe-dropdown__list-item--ical\">\n\t\t\t\t\t\t\t\t\t<a\n\t\t\t\t\t\t\t\t\t\thref=\"\"\n\t\t\t\t\t\t\t\t\t\tclass=\"tribe-events-c-subscribe-dropdown__list-item-link\"\n\t\t\t\t\t\t\t\t\t\ttarget=\"_blank\"\n\t\t\t\t\t\t\t\t\t\trel=\"noopener noreferrer nofollow noindex\"\n\t\t\t\t\t\t\t\t\t>\n\t\t\t\t\t\t\t\t\t\tiCalendar\t\t\t\t\t\t\t\t\t<\/a>\n\t\t\t\t\t\t\t\t<\/li>\n\t\t\t\t\t\t\t\t\t\t\t\t\t\t\t<li class=\"tribe-events-c-subscribe-dropdown__list-item tribe-events-c-subscribe-dropdown__list-item--outlook-365\">\n\t\t\t\t\t\t\t\t\t<a\n\t\t\t\t\t\t\t\t\t\thref=\"\"\n\t\t\t\t\t\t\t\t\t\tclass=\"tribe-events-c-subscribe-dropdown__list-item-link\"\n\t\t\t\t\t\t\t\t\t\ttarget=\"_blank\"\n\t\t\t\t\t\t\t\t\t\trel=\"noopener noreferrer nofollow noindex\"\n\t\t\t\t\t\t\t\t\t>\n\t\t\t\t\t\t\t\t\t\tOutlook 365\t\t\t\t\t\t\t\t\t<\/a>\n\t\t\t\t\t\t\t\t<\/li>\n\t\t\t\t\t\t\t\t\t\t\t\t\t\t\t<li class=\"tribe-events-c-subscribe-dropdown__list-item tribe-events-c-subscribe-dropdown__list-item--outlook-live\">\n\t\t\t\t\t\t\t\t\t<a\n\t\t\t\t\t\t\t\t\t\thref=\"\"\n\t\t\t\t\t\t\t\t\t\tclass=\"tribe-events-c-subscribe-dropdown__list-item-link\"\n\t\t\t\t\t\t\t\t\t\ttarget=\"_blank\"\n\t\t\t\t\t\t\t\t\t\trel=\"noopener noreferrer nofollow noindex\"\n\t\t\t\t\t\t\t\t\t>\n\t\t\t\t\t\t\t\t\t\tOutlook Live\t\t\t\t\t\t\t\t\t<\/a>\n\t\t\t\t\t\t\t\t<\/li>\n\t\t\t\t\t\t\t\t\t\t\t\t\t<\/ul>\n\t\t\t\t\t<\/div>\n\t\t\t\t<\/div>\n\t\t\t<\/div>\n\t\t<\/div>\n\t<\/div>\n\n\n\n<h2 class=\"tribe-block__related-events__title\">Related Events<\/h2>\n\n<ul  class=\"tribe-related-events tribe-clearfix\" >\n\t\t\t<li>\n\t\n<div class=\"tribe-related-events-thumbnail\">\n\t<a href=\"https:\/\/qzm-rn.de\/en\/event\/theater-und-bewegungskurs-fuer-mehr-entspannung-und-kontakt\/2026-04-30\/\" class=\"url\" rel=\"bookmark\" tabindex=\"-1\" aria-hidden=\"true\"><img fetchpriority=\"high\" decoding=\"async\" width=\"1024\" height=\"682\" src=\"https:\/\/qzm-rn.de\/wp-content\/uploads\/2026\/03\/Kurs-HP-1-1024x682.png\" class=\"attachment-large size-large wp-post-image\" alt=\"Auf der Graphik erkennt man ein Capybara in einem Schwimmring und Informationen zum Theaterworkshop.\" \/><\/a>\n<\/div>\n\t<div class=\"tribe-related-event-info\">\n\t<h3 class=\"tribe-related-events-title\">\n\t\t<a href=\"https:\/\/qzm-rn.de\/en\/event\/theater-und-bewegungskurs-fuer-mehr-entspannung-und-kontakt\/2026-04-30\/\" class=\"tribe-event-url\" rel=\"bookmark\">\n\t\t\tAbgesagt: Theater- und Bewegungskurs f\u00fcr mehr Entspannung und Kontakt\t\t<\/a>\n\t<\/h3>\n\t<span class=\"tribe-event-date-start\">30. April @ 08:00<\/span> &#8211; <span class=\"tribe-event-time\">09:00<\/span><\/div>\n<\/li>\n\t\t\t<li>\n\t\n<div class=\"tribe-related-events-thumbnail\">\n\t<a href=\"https:\/\/qzm-rn.de\/en\/event\/ausstellung-reflection-von-mariia-vernissage\/\" class=\"url\" rel=\"bookmark\" tabindex=\"-1\" aria-hidden=\"true\"><img decoding=\"async\" width=\"1024\" height=\"682\" src=\"https:\/\/qzm-rn.de\/wp-content\/uploads\/2026\/04\/Vernissage-MARIIA-HP-1024x682.png\" class=\"attachment-large size-large wp-post-image\" alt=\"Auf der Graphik erkennt man eine Person in schwarz wei\u00df, die ihre H\u00e4nde \u00fcber das Bild streckt und Informationen zur Foto Ausstellung &quot;reflection&quot; von MARIIA.\" \/><\/a>\n<\/div>\n\t<div class=\"tribe-related-event-info\">\n\t<h3 class=\"tribe-related-events-title\">\n\t\t<a href=\"https:\/\/qzm-rn.de\/en\/event\/ausstellung-reflection-von-mariia-vernissage\/\" class=\"tribe-event-url\" rel=\"bookmark\">\n\t\t\tAusstellung &#8222;reflection&#8220; von MARIIA &#8211; Vernissage\t\t<\/a>\n\t<\/h3>\n\t<span class=\"tribe-event-date-start\">3. May @ 16:00<\/span><\/div>\n<\/li>\n\t\t\t<li>\n\t\n<div class=\"tribe-related-events-thumbnail\">\n\t<a href=\"https:\/\/qzm-rn.de\/en\/event\/selbsthilfegruppe-trans-und-ich-28\/2026-05-04\/\" class=\"url\" rel=\"bookmark\" tabindex=\"-1\" aria-hidden=\"true\"><img decoding=\"async\" width=\"1024\" height=\"682\" src=\"https:\/\/qzm-rn.de\/wp-content\/uploads\/2024\/12\/Design-ohne-Titel-8-1024x682.png\" class=\"attachment-large size-large wp-post-image\" alt=\"\" \/><\/a>\n<\/div>\n\t<div class=\"tribe-related-event-info\">\n\t<h3 class=\"tribe-related-events-title\">\n\t\t<a href=\"https:\/\/qzm-rn.de\/en\/event\/selbsthilfegruppe-trans-und-ich-28\/2026-05-04\/\" class=\"tribe-event-url\" rel=\"bookmark\">\n\t\t\tSelf help group \u201ctrans* and I\u201d\t\t<\/a>\n\t<\/h3>\n\t<span class=\"tribe-event-date-start\">4. May @ 19:00<\/span><\/div>\n<\/li>\n\t<\/ul>","protected":false},"excerpt":{"rendered":"<p>Das Selbstbestimmungsgesetz wurde nach Jahren des politischen Ringens im Bundestag verabschiedet \u2013 wie geht es jetzt weiter? Prof. Dr. Ulrike Lembke ist freie Rechtswissenschaftlerin und Expertin f\u00fcr rechtliche Geschlechterstudien und lehrt an unterschiedlichen Universit\u00e4ten in Deutschland. Sie spricht mit uns \u00fcber dieses wichtige Thema.<\/p>","protected":false},"author":2,"featured_media":7404,"template":"","meta":{"_tec_requires_first_save":false,"_eb_attr":"","neve_meta_sidebar":"","neve_meta_container":"","neve_meta_enable_content_width":"","neve_meta_content_width":0,"neve_meta_title_alignment":"","neve_meta_author_avatar":"","neve_post_elements_order":"","neve_meta_disable_header":"","neve_meta_disable_footer":"","neve_meta_disable_title":"","_EventAllDay":false,"_EventTimezone":"Europe\/Berlin","_EventStartDate":"2024-04-24 19:30:00","_EventEndDate":"2024-04-24 19:30:00","_EventStartDateUTC":"2024-04-24 17:30:00","_EventEndDateUTC":"2024-04-24 17:30:00","_EventShowMap":false,"_EventShowMapLink":false,"_EventURL":"","_EventCost":"0","_EventCostDescription":"","_EventCurrencySymbol":"EUR","_EventCurrencyCode":"EUR","_EventCurrencyPosition":"prefix","_EventDateTimeSeparator":" @ ","_EventTimeRangeSeparator":" - ","_EventOrganizerID":[],"_EventVenueID":[2523],"_OrganizerEmail":"","_OrganizerPhone":"","_OrganizerWebsite":"","_VenueAddress":"","_VenueCity":"","_VenueCountry":"","_VenueProvince":"","_VenueState":"","_VenueZip":"","_VenuePhone":"","_VenueURL":"","_VenueStateProvince":"","_VenueLat":"","_VenueLng":"","_VenueShowMap":false,"_VenueShowMapLink":false,"_tribe_blocks_recurrence_rules":"","_tribe_blocks_recurrence_description":"","_tribe_blocks_recurrence_exclusions":"","_tribe_events_status":"","_tribe_events_status_reason":"","_tribe_events_is_hybrid":"","_tribe_events_is_virtual":"","_tribe_events_virtual_video_source":"","_tribe_events_virtual_embed_video":"","_tribe_events_virtual_linked_button_text":"","_tribe_events_virtual_linked_button":"","_tribe_events_virtual_show_embed_at":"","_tribe_events_virtual_show_embed_to":[],"_tribe_events_virtual_show_on_event":"","_tribe_events_virtual_show_on_views":"","_tribe_events_virtual_url":"","footnotes":""},"tags":[903,71,30,34,36,21,48,10,11,692,134],"tribe_events_cat":[530],"class_list":["post-7402","tribe_events","type-tribe_events","status-publish","has-post-thumbnail","hentry","tag-gleichberechtigung","tag-lgbti","tag-lgbttiq","tag-lsbti","tag-lsbttiq","tag-mannheim","tag-queer","tag-queeres-zentrum-mannheim","tag-qzm","tag-selbstbestimmungsgesetz","tag-trans","tribe_events_cat-veranstaltung","cat_veranstaltung"],"jetpack_sharing_enabled":true,"_links":{"self":[{"href":"https:\/\/qzm-rn.de\/en\/wp-json\/wp\/v2\/tribe_events\/7402","targetHints":{"allow":["GET"]}}],"collection":[{"href":"https:\/\/qzm-rn.de\/en\/wp-json\/wp\/v2\/tribe_events"}],"about":[{"href":"https:\/\/qzm-rn.de\/en\/wp-json\/wp\/v2\/types\/tribe_events"}],"author":[{"embeddable":true,"href":"https:\/\/qzm-rn.de\/en\/wp-json\/wp\/v2\/users\/2"}],"version-history":[{"count":0,"href":"https:\/\/qzm-rn.de\/en\/wp-json\/wp\/v2\/tribe_events\/7402\/revisions"}],"wp:featuredmedia":[{"embeddable":true,"href":"https:\/\/qzm-rn.de\/en\/wp-json\/wp\/v2\/media\/7404"}],"wp:attachment":[{"href":"https:\/\/qzm-rn.de\/en\/wp-json\/wp\/v2\/media?parent=7402"}],"wp:term":[{"taxonomy":"post_tag","embeddable":true,"href":"https:\/\/qzm-rn.de\/en\/wp-json\/wp\/v2\/tags?post=7402"},{"taxonomy":"tribe_events_cat","embeddable":true,"href":"https:\/\/qzm-rn.de\/en\/wp-json\/wp\/v2\/tribe_events_cat?post=7402"}],"curies":[{"name":"wp","href":"https:\/\/api.w.org\/{rel}","templated":true}]}}