{"id":9071,"date":"2025-01-14T17:30:17","date_gmt":"2025-01-14T16:30:17","guid":{"rendered":"https:\/\/qzm-rn.de\/?post_type=tribe_events&#038;p=9071"},"modified":"2025-01-23T12:56:04","modified_gmt":"2025-01-23T11:56:04","slug":"qzm-family-ausstellung-2","status":"publish","type":"tribe_events","link":"https:\/\/qzm-rn.de\/en\/event\/qzm-family-ausstellung-2\/","title":{"rendered":"QZM Family-Ausstellung"},"content":{"rendered":"<div  class=\"tribe-events-schedule tribe-clearfix\" >\n\t<p class=\"tribe-events-schedule__datetime\">\n\t\t<span class=\"tribe-events-schedule__date tribe-events-schedule__date--start\">\n\t\t\t25. January 2025\t\t<\/span>\n\n\t\t\t\t\t<span class=\"tribe-events-schedule__separator tribe-events-schedule__separator--date\">\n\t\t\t\t @ \t\t\t<\/span>\n\t\t\t<span class=\"tribe-events-schedule__time tribe-events-schedule__time--start\">\n\t\t\t\t19:00\t\t\t<\/span>\n\t\t\n\t\t\t<\/p>\n<\/div>\n\n\n\n<p>Herzliche Einladung zur n\u00e4chsten QZM Family-Ausstellung!<\/p>\n\n\n\n<p>Am Freitag, 25. Januar um 19:00 Uhr findet die Vernissage zu unserer zweiten QZM Family Ausstellung statt.<br>In diesem Format geben wir jeweils mehreren Personen aus unserer QZM Community einen Raum, um ihre Kunstwerke auszustellen.<\/p>\n\n\n\n<p>Diesmal mit dabei sind Werke von<br>Alex Banciu<br>Anastasia Daum<br>Claire Condon <a href=\"https:\/\/www.instagram.com\/yugo.paperniks\/\" target=\"_blank\" rel=\"noreferrer noopener\">@yugo.paperniks<\/a><br>Krissy Koslowski <a href=\"https:\/\/www.instagram.com\/krissykoslowski\/\" target=\"_blank\" rel=\"noreferrer noopener\">@krissykoslowski<\/a><br>Lisa Schlode <a href=\"https:\/\/www.instagram.com\/lisawillmeer_\/\" target=\"_blank\" rel=\"noreferrer noopener\">@lisawillmeer_<\/a><\/p>\n\n\n\n<p>Die Besichtigung der Ausstellung ist w\u00e4hrend unserer Caf\u00e9-\u00d6ffnungszeiten sowie bei anderen Veranstaltungen im QZM m\u00f6glich. Das Caf\u00e9 ist in der Regel jeden Donnerstag bis Samstag von 18 bis 23 Uhr ge\u00f6ffnet.<\/p>\n\n\n\n<p>Infos zur Barrierearmut: Das QZM ist stufenlos zug\u00e4nglich und es gibt eine barrierearme Toilette. Fragen zu Barrierearmut und rund ums QZM gerne an info@qzm-rn.de<\/p>\n\n\n\n<hr class=\"wp-block-separator has-alpha-channel-opacity\"\/>\n\n\n\n<h2 class=\"wp-block-heading has-text-align-center\"><strong>\u00dcber die K\u00fcnstler*innen<\/strong><\/h2>\n\n\n\n<hr class=\"wp-block-separator has-alpha-channel-opacity\"\/>\n\n\n\n<div style=\"height:10px\" aria-hidden=\"true\" class=\"wp-block-spacer\"><\/div>\n\n\n\n<div class=\"wp-block-media-text is-stacked-on-mobile\"><figure class=\"wp-block-media-text__media\"><img fetchpriority=\"high\" decoding=\"async\" width=\"1024\" height=\"1024\" src=\"https:\/\/qzm-rn.de\/wp-content\/uploads\/2025\/01\/signal-2025-01-07-154445_002-1024x1024.jpeg\" alt=\"\" class=\"wp-image-9074 size-full\" srcset=\"https:\/\/qzm-rn.de\/wp-content\/uploads\/2025\/01\/signal-2025-01-07-154445_002-1024x1024.jpeg 1024w, https:\/\/qzm-rn.de\/wp-content\/uploads\/2025\/01\/signal-2025-01-07-154445_002-300x300.jpeg 300w, https:\/\/qzm-rn.de\/wp-content\/uploads\/2025\/01\/signal-2025-01-07-154445_002-150x150.jpeg 150w, https:\/\/qzm-rn.de\/wp-content\/uploads\/2025\/01\/signal-2025-01-07-154445_002-768x768.jpeg 768w, https:\/\/qzm-rn.de\/wp-content\/uploads\/2025\/01\/signal-2025-01-07-154445_002.jpeg 1177w\" sizes=\"(max-width: 1024px) 100vw, 1024px\" \/><\/figure><div class=\"wp-block-media-text__content\">\n<h3 class=\"wp-block-heading\">Alex Banciu <br>(er\/ihm)<\/h3>\n\n\n\n<p>fotografiert seit 2017 gerne auf St\u00e4dtetrips, beim Wandern oder einfach so zur Entspannung. Dabei fielen ihm besonders oft auch Katzen und T\u00fcren oder Durchg\u00e4nge ins Auge. Sein Teil der Ausstellung hei\u00dft &#8222;Cats &amp; Doors&#8220;.<\/p>\n<\/div><\/div>\n\n\n\n<div style=\"height:50px\" aria-hidden=\"true\" class=\"wp-block-spacer\"><\/div>\n\n\n\n<div class=\"wp-block-media-text has-media-on-the-right is-stacked-on-mobile\"><div class=\"wp-block-media-text__content\">\n<h3 class=\"wp-block-heading\">Anastasia Daum<br>(dey\/deren)<\/h3>\n\n\n\n<p>erforscht in deren Kunst Themen wie K\u00f6rpervielfalt, Verletzlichkeit und queere Liebe. Durch Tonarbeiten und digitale Kunst werden Emotionen und gesellschaftliche Themen greifbar gemacht. In deren Beitrag zur Ausstellung geht es um die Kraft, Sch\u00f6nheit und Komplexit\u00e4t, die sich in Vielfalt und Authentizit\u00e4t finden lassen.<\/p>\n<\/div><figure class=\"wp-block-media-text__media\"><img decoding=\"async\" width=\"1024\" height=\"1024\" src=\"https:\/\/qzm-rn.de\/wp-content\/uploads\/2025\/01\/signal-2025-01-07-224751_002-1-1024x1024.jpeg\" alt=\"\" class=\"wp-image-9075 size-full\" srcset=\"https:\/\/qzm-rn.de\/wp-content\/uploads\/2025\/01\/signal-2025-01-07-224751_002-1-1024x1024.jpeg 1024w, https:\/\/qzm-rn.de\/wp-content\/uploads\/2025\/01\/signal-2025-01-07-224751_002-1-300x300.jpeg 300w, https:\/\/qzm-rn.de\/wp-content\/uploads\/2025\/01\/signal-2025-01-07-224751_002-1-150x150.jpeg 150w, https:\/\/qzm-rn.de\/wp-content\/uploads\/2025\/01\/signal-2025-01-07-224751_002-1-768x768.jpeg 768w, https:\/\/qzm-rn.de\/wp-content\/uploads\/2025\/01\/signal-2025-01-07-224751_002-1.jpeg 1200w\" sizes=\"(max-width: 1024px) 100vw, 1024px\" \/><\/figure><\/div>\n\n\n\n<div style=\"height:50px\" aria-hidden=\"true\" class=\"wp-block-spacer\"><\/div>\n\n\n\n<div class=\"wp-block-media-text is-stacked-on-mobile\"><figure class=\"wp-block-media-text__media\"><a href=\"https:\/\/www.instagram.com\/yugo.paperniks\/\" target=\"_blank\" rel=\" noreferrer noopener\"><img decoding=\"async\" width=\"1024\" height=\"1024\" src=\"https:\/\/qzm-rn.de\/wp-content\/uploads\/2025\/01\/signal-2025-01-07-155740_002-1024x1024.jpeg\" alt=\"\" class=\"wp-image-9076 size-full\" srcset=\"https:\/\/qzm-rn.de\/wp-content\/uploads\/2025\/01\/signal-2025-01-07-155740_002-1024x1024.jpeg 1024w, https:\/\/qzm-rn.de\/wp-content\/uploads\/2025\/01\/signal-2025-01-07-155740_002-300x300.jpeg 300w, https:\/\/qzm-rn.de\/wp-content\/uploads\/2025\/01\/signal-2025-01-07-155740_002-150x150.jpeg 150w, https:\/\/qzm-rn.de\/wp-content\/uploads\/2025\/01\/signal-2025-01-07-155740_002-768x768.jpeg 768w, https:\/\/qzm-rn.de\/wp-content\/uploads\/2025\/01\/signal-2025-01-07-155740_002-1536x1536.jpeg 1536w, https:\/\/qzm-rn.de\/wp-content\/uploads\/2025\/01\/signal-2025-01-07-155740_002.jpeg 2048w\" sizes=\"(max-width: 1024px) 100vw, 1024px\" \/><\/a><\/figure><div class=\"wp-block-media-text__content\">\n<h3 class=\"wp-block-heading\">Claire Condon <br>(she\/her)<\/h3>\n\n\n\n<p>takes inspiration from brutalist monuments to WWII events in countries once known as Jugoslavija and creates geometric paper miniatures as an ode to the architectural geniuses of a lost place and in memory of anti-fascist struggle. More can be seen on <a href=\"https:\/\/www.instagram.com\/yugo.paperniks\/\" target=\"_blank\" rel=\"noreferrer noopener\">Instagram <\/a>and on Etsy.<\/p>\n<\/div><\/div>\n\n\n\n<div style=\"height:50px\" aria-hidden=\"true\" class=\"wp-block-spacer\"><\/div>\n\n\n\n<div class=\"wp-block-media-text has-media-on-the-right is-stacked-on-mobile\"><div class=\"wp-block-media-text__content\">\n<h3 class=\"wp-block-heading\">Krissy Koslowski <br>(she\/they)<\/h3>\n\n\n\n<p>Krissy hat als aufgeweckte und energievolle Person schon einige schwierige Erlebnisse in ihrem Leben meistern k\u00f6nnen. In ihrem Teil der Kunstausstellung mit dem Titel &#8222;Leben mit psychischen Erkrankungen&#8220; verarbeitet sie kraftvoll, wie Krankheit und Wahrnehmung des eigenen Ichs ihr Leben beeinflussen.<\/p>\n<\/div><figure class=\"wp-block-media-text__media\"><a href=\"https:\/\/www.instagram.com\/krissykoslowski\/\" target=\"_blank\" rel=\" noreferrer noopener\"><img loading=\"lazy\" decoding=\"async\" width=\"1024\" height=\"1024\" src=\"https:\/\/qzm-rn.de\/wp-content\/uploads\/2025\/01\/signal-2025-01-07-224757_002-1024x1024.jpeg\" alt=\"\" class=\"wp-image-9077 size-full\" srcset=\"https:\/\/qzm-rn.de\/wp-content\/uploads\/2025\/01\/signal-2025-01-07-224757_002-1024x1024.jpeg 1024w, https:\/\/qzm-rn.de\/wp-content\/uploads\/2025\/01\/signal-2025-01-07-224757_002-300x300.jpeg 300w, https:\/\/qzm-rn.de\/wp-content\/uploads\/2025\/01\/signal-2025-01-07-224757_002-150x150.jpeg 150w, https:\/\/qzm-rn.de\/wp-content\/uploads\/2025\/01\/signal-2025-01-07-224757_002-768x768.jpeg 768w, https:\/\/qzm-rn.de\/wp-content\/uploads\/2025\/01\/signal-2025-01-07-224757_002-1536x1536.jpeg 1536w, https:\/\/qzm-rn.de\/wp-content\/uploads\/2025\/01\/signal-2025-01-07-224757_002.jpeg 1650w\" sizes=\"(max-width: 1024px) 100vw, 1024px\" \/><\/a><\/figure><\/div>\n\n\n\n<div style=\"height:50px\" aria-hidden=\"true\" class=\"wp-block-spacer\"><\/div>\n\n\n\n<div class=\"wp-block-media-text is-stacked-on-mobile\"><figure class=\"wp-block-media-text__media\"><a href=\"https:\/\/www.instagram.com\/lisawillmeer_\/\" target=\"_blank\" rel=\" noreferrer noopener\"><img loading=\"lazy\" decoding=\"async\" width=\"1024\" height=\"1024\" src=\"https:\/\/qzm-rn.de\/wp-content\/uploads\/2025\/01\/signal-2025-01-07-154438_002-1024x1024.jpeg\" alt=\"\" class=\"wp-image-9078 size-full\" srcset=\"https:\/\/qzm-rn.de\/wp-content\/uploads\/2025\/01\/signal-2025-01-07-154438_002-1024x1024.jpeg 1024w, https:\/\/qzm-rn.de\/wp-content\/uploads\/2025\/01\/signal-2025-01-07-154438_002-300x300.jpeg 300w, https:\/\/qzm-rn.de\/wp-content\/uploads\/2025\/01\/signal-2025-01-07-154438_002-150x150.jpeg 150w, https:\/\/qzm-rn.de\/wp-content\/uploads\/2025\/01\/signal-2025-01-07-154438_002-768x768.jpeg 768w, https:\/\/qzm-rn.de\/wp-content\/uploads\/2025\/01\/signal-2025-01-07-154438_002.jpeg 1265w\" sizes=\"(max-width: 1024px) 100vw, 1024px\" \/><\/a><\/figure><div class=\"wp-block-media-text__content\">\n<h3 class=\"wp-block-heading\">Lisa Schlode<br>(sie\/ihr)<\/h3>\n\n\n\n<p>Vor vielen Jahren hat Lisa das Hobby ihrer Kindheit wiederentdeckt: B\u00fcgelperlen. Seit einiger Zeit kreiert sie damit auch zunehmend gr\u00f6\u00dfere Kunst nach eigener Vorlage. Ihr Teil der Ausstellung tr\u00e4gt den Namen &#8222;Talk nerdy to me&#8220;.<\/p>\n<\/div><\/div>\n\n\n<div  class=\"tribe-block tribe-block__event-price\" >\n\t\t\t<span class=\"tribe-block__event-price__cost\"> Free <\/span>\n\t\t<\/div>\n\n\n\n\n<div  class=\"tribe-block tribe-block__venue tribe-clearfix\" >\n\t\n\t\n<div class=\"tribe-block__venue__meta\">\n\t<div class=\"tribe-block__venue__name\">\n\t\t<h3><a href=\"https:\/\/qzm-rn.de\/en\/venue\/qzm\/\" title=\"QZM\">QZM<\/a><\/h3>\n\t<\/div>\n\n\t\n\t\t\t\t\t\t<address class=\"tribe-block__venue__address\">\n\t\t\t\t<span class=\"tribe-address\">\n\n<span class=\"tribe-street-address\">G7 ,14<\/span>\n\t\n\t\t<br>\n\t\t<span class=\"tribe-locality\">Mannheim<\/span><span class=\"tribe-delimiter\">,<\/span>\n\n\n\t<span class=\"tribe-postal-code\">68159<\/span>\n\n\t<span class=\"tribe-country-name\">Deutschland<\/span>\n\n<\/span>\n\n\t\t\t\t\t\t\t<\/address>\n\t\t\n\t\t\n\t\t\t\t\t<span class=\"tribe-block__venue__website\"><a href=\"http:\/\/qzm-rn.de\/en\/\" target=\"_self\" rel=\"external\">View Venue Website<\/a><\/span><br \/>\n\t\t\t\n\t<\/div>\n\t\n\t<\/div>\n\n\n\n\n\t<div  class=\"tribe-block tribe-block__events-link\" >\n\t\t<div class=\"tribe-events tribe-common\">\n\t\t\t<div class=\"tribe-events-c-subscribe-dropdown__container\">\n\t\t\t\t<div class=\"tribe-events-c-subscribe-dropdown\">\n\t\t\t\t\t<div class=\"tribe-common-c-btn-border tribe-events-c-subscribe-dropdown__button\">\n\t\t\t\t\t\t<svg\n\t class=\"tribe-common-c-svgicon tribe-common-c-svgicon--cal-export tribe-events-c-subscribe-dropdown__export-icon\" \taria-hidden=\"true\"\n\tviewbox=\"0 0 23 17\"\n\txmlns=\"http:\/\/www.w3.org\/2000\/svg\"\n>\n\t<path fill-rule=\"evenodd\" clip-rule=\"evenodd\" d=\"M.128.896V16.13c0 .211.145.383.323.383h15.354c.179 0 .323-.172.323-.383V.896c0-.212-.144-.383-.323-.383H.451C.273.513.128.684.128.896Zm16 6.742h-.901V4.679H1.009v10.729h14.218v-3.336h.901V7.638ZM1.01 1.614h14.218v2.058H1.009V1.614Z\" \/>\n\t<path d=\"M20.5 9.846H8.312M18.524 6.953l2.89 2.909-2.855 2.855\" stroke-width=\"1.2\" stroke-linecap=\"round\" stroke-linejoin=\"round\"\/>\n<\/svg>\n\t\t\t\t\t\t<button\n\t\t\t\t\t\t\tclass=\"tribe-events-c-subscribe-dropdown__button-text\"\n\t\t\t\t\t\t\taria-expanded=\"false\"\n\t\t\t\t\t\t\taria-controls=\"tribe-events-subscribe-dropdown-content\"\n\t\t\t\t\t\t\taria-label=\"View links to add events to your calendar\"\n\t\t\t\t\t\t>\n\t\t\t\t\t\t\tAdd to calendar\t\t\t\t\t\t<\/button>\n\t\t\t\t\t\t<svg\n\t class=\"tribe-common-c-svgicon tribe-common-c-svgicon--caret-down tribe-events-c-subscribe-dropdown__button-icon\" \taria-hidden=\"true\"\n\tviewbox=\"0 0 10 7\"\n\txmlns=\"http:\/\/www.w3.org\/2000\/svg\"\n>\n\t<path fill-rule=\"evenodd\" clip-rule=\"evenodd\" d=\"M1.008.609L5 4.6 8.992.61l.958.958L5 6.517.05 1.566l.958-.958z\" class=\"tribe-common-c-svgicon__svg-fill\"\/>\n<\/svg>\n\t\t\t\t\t<\/div>\n\t\t\t\t\t<div id=\"tribe-events-subscribe-dropdown-content\" class=\"tribe-events-c-subscribe-dropdown__content\">\n\t\t\t\t\t\t<ul class=\"tribe-events-c-subscribe-dropdown__list\">\n\t\t\t\t\t\t\t\t\t\t\t\t\t\t\t<li class=\"tribe-events-c-subscribe-dropdown__list-item tribe-events-c-subscribe-dropdown__list-item--gcal\">\n\t\t\t\t\t\t\t\t\t<a\n\t\t\t\t\t\t\t\t\t\thref=\"https:\/\/www.google.com\/calendar\/event?action=TEMPLATE&#038;dates=20250125T190000\/20250125T190000&#038;text=QZM%20Family-Ausstellung&#038;details=%3Cp%3EHerzliche+Einladung+zur+n%C3%A4chsten+QZM+Family-Ausstellung%21%3C%2Fp%3E+%3Cp%3EAm+Freitag%2C+25.+Januar+um+19%3A00+Uhr+findet+die+Vernissage+zu+unserer+zweiten+QZM+Family+Ausstellung+statt.%3Cbr+%2F%3EIn+diesem+Format+geben+wir+jeweils+mehreren+Personen+aus+unserer+QZM+Community+einen+Raum%2C+um+ihre+Kunstwerke+auszustellen.%3C%2Fp%3E+%3Cp%3EDiesmal+mit+dabei+sind+Werke+von%3Cbr+%2F%3EAlex+Banciu%3Cbr+%2F%3EAnastasia+Daum%3Cbr+%2F%3EClaire+Condon+%3Ca+href%3D%22https%3A%2F%2Fwww.instagram.com%2Fyugo.paperniks%2F%22+target%3D%22_blank%22+rel%3D%22noreferrer+noopener%22%3E%40yugo.paperniks%3C%2Fa%3E%3Cbr+%2F%3EKrissy+Koslowski+%3Ca+href%3D%22https%3A%2F%2Fwww.instagram.com%2Fkrissykoslowski%2F%22+target%3D%22_blank%22+rel%3D%22noreferrer+noopener%22%3E%40krissykoslowski%3C%2Fa%3E%3Cbr+%2F%3ELisa+Schlode+%3Ca+href%3D%22https%3A%2F%2Fwww.instagram.com%2Flisawillmeer_%2F%22+target%3D%22_blank%22+rel%3D%22noreferrer+noopener%22%3E%40lisawillmeer_%3C%2Fa%3E%3C%2Fp%3E+%3Cp%3EDie+Besichtigung+der+Ausstellung+ist+w%C3%A4hrend+unserer+Caf%C3%A9-%C3%96ffnungszeiten+sowie+bei+anderen+Veranstaltungen+im+QZM+m%C3%B6glich.+Das+Caf%C3%A9+ist+in+der+Regel+jeden+Donnerstag+bis+Samstag+von+18+bis+23+Uhr+ge%C3%3C%2Fp%3E+%28View+Full+event+Description+Here%3A+https%3A%2F%2Fqzm-rn.de%2Fen%2Fevent%2Fqzm-family-ausstellung-2%2F%29&#038;location=QZM,%20G7%20,14,%20Mannheim,%2068159,%20Deutschland&#038;trp=false&#038;ctz=Europe\/Berlin&#038;sprop=website:https:\/\/qzm-rn.de\/en\"\n\t\t\t\t\t\t\t\t\t\tclass=\"tribe-events-c-subscribe-dropdown__list-item-link\"\n\t\t\t\t\t\t\t\t\t\ttarget=\"_blank\"\n\t\t\t\t\t\t\t\t\t\trel=\"noopener noreferrer nofollow noindex\"\n\t\t\t\t\t\t\t\t\t>\n\t\t\t\t\t\t\t\t\t\tGoogle Calendar\t\t\t\t\t\t\t\t\t<\/a>\n\t\t\t\t\t\t\t\t<\/li>\n\t\t\t\t\t\t\t\t\t\t\t\t\t\t\t<li class=\"tribe-events-c-subscribe-dropdown__list-item tribe-events-c-subscribe-dropdown__list-item--ical\">\n\t\t\t\t\t\t\t\t\t<a\n\t\t\t\t\t\t\t\t\t\thref=\"\"\n\t\t\t\t\t\t\t\t\t\tclass=\"tribe-events-c-subscribe-dropdown__list-item-link\"\n\t\t\t\t\t\t\t\t\t\ttarget=\"_blank\"\n\t\t\t\t\t\t\t\t\t\trel=\"noopener noreferrer nofollow noindex\"\n\t\t\t\t\t\t\t\t\t>\n\t\t\t\t\t\t\t\t\t\tiCalendar\t\t\t\t\t\t\t\t\t<\/a>\n\t\t\t\t\t\t\t\t<\/li>\n\t\t\t\t\t\t\t\t\t\t\t\t\t\t\t<li class=\"tribe-events-c-subscribe-dropdown__list-item tribe-events-c-subscribe-dropdown__list-item--outlook-365\">\n\t\t\t\t\t\t\t\t\t<a\n\t\t\t\t\t\t\t\t\t\thref=\"\"\n\t\t\t\t\t\t\t\t\t\tclass=\"tribe-events-c-subscribe-dropdown__list-item-link\"\n\t\t\t\t\t\t\t\t\t\ttarget=\"_blank\"\n\t\t\t\t\t\t\t\t\t\trel=\"noopener noreferrer nofollow noindex\"\n\t\t\t\t\t\t\t\t\t>\n\t\t\t\t\t\t\t\t\t\tOutlook 365\t\t\t\t\t\t\t\t\t<\/a>\n\t\t\t\t\t\t\t\t<\/li>\n\t\t\t\t\t\t\t\t\t\t\t\t\t\t\t<li class=\"tribe-events-c-subscribe-dropdown__list-item tribe-events-c-subscribe-dropdown__list-item--outlook-live\">\n\t\t\t\t\t\t\t\t\t<a\n\t\t\t\t\t\t\t\t\t\thref=\"\"\n\t\t\t\t\t\t\t\t\t\tclass=\"tribe-events-c-subscribe-dropdown__list-item-link\"\n\t\t\t\t\t\t\t\t\t\ttarget=\"_blank\"\n\t\t\t\t\t\t\t\t\t\trel=\"noopener noreferrer nofollow noindex\"\n\t\t\t\t\t\t\t\t\t>\n\t\t\t\t\t\t\t\t\t\tOutlook Live\t\t\t\t\t\t\t\t\t<\/a>\n\t\t\t\t\t\t\t\t<\/li>\n\t\t\t\t\t\t\t\t\t\t\t\t\t<\/ul>\n\t\t\t\t\t<\/div>\n\t\t\t\t<\/div>\n\t\t\t<\/div>\n\t\t<\/div>\n\t<\/div>\n\n\n\n<h2 class=\"tribe-block__related-events__title\">Related Events<\/h2>\n\n<ul  class=\"tribe-related-events tribe-clearfix\" >\n\t\t\t<li>\n\t\n<div class=\"tribe-related-events-thumbnail\">\n\t<a href=\"https:\/\/qzm-rn.de\/en\/event\/theater-und-bewegungskurs-fuer-mehr-entspannung-und-kontakt\/2026-04-30\/\" class=\"url\" rel=\"bookmark\" tabindex=\"-1\" aria-hidden=\"true\"><img loading=\"lazy\" decoding=\"async\" width=\"1024\" height=\"682\" src=\"https:\/\/qzm-rn.de\/wp-content\/uploads\/2026\/03\/Kurs-HP-1-1024x682.png\" class=\"attachment-large size-large wp-post-image\" alt=\"Auf der Graphik erkennt man ein Capybara in einem Schwimmring und Informationen zum Theaterworkshop.\" \/><\/a>\n<\/div>\n\t<div class=\"tribe-related-event-info\">\n\t<h3 class=\"tribe-related-events-title\">\n\t\t<a href=\"https:\/\/qzm-rn.de\/en\/event\/theater-und-bewegungskurs-fuer-mehr-entspannung-und-kontakt\/2026-04-30\/\" class=\"tribe-event-url\" rel=\"bookmark\">\n\t\t\tAbgesagt: Theater- und Bewegungskurs f\u00fcr mehr Entspannung und Kontakt\t\t<\/a>\n\t<\/h3>\n\t<span class=\"tribe-event-date-start\">30. April @ 08:00<\/span> &#8211; <span class=\"tribe-event-time\">09:00<\/span><\/div>\n<\/li>\n\t\t\t<li>\n\t\n<div class=\"tribe-related-events-thumbnail\">\n\t<a href=\"https:\/\/qzm-rn.de\/en\/event\/crafty-queers-5\/\" class=\"url\" rel=\"bookmark\" tabindex=\"-1\" aria-hidden=\"true\"><img loading=\"lazy\" decoding=\"async\" width=\"1024\" height=\"682\" src=\"https:\/\/qzm-rn.de\/wp-content\/uploads\/2026\/04\/Crafty-Queers-HP-1600-x-1066-px-1024x682.png\" class=\"attachment-large size-large wp-post-image\" alt=\"Auf der Graphik erkennt man Strickzeug und Wolle sowie den Titel Crafty Queers.\" \/><\/a>\n<\/div>\n\t<div class=\"tribe-related-event-info\">\n\t<h3 class=\"tribe-related-events-title\">\n\t\t<a href=\"https:\/\/qzm-rn.de\/en\/event\/crafty-queers-5\/\" class=\"tribe-event-url\" rel=\"bookmark\">\n\t\t\tCrafty Queers\t\t<\/a>\n\t<\/h3>\n\t<span class=\"tribe-event-date-start\">1. May @ 18:00<\/span><\/div>\n<\/li>\n\t\t\t<li>\n\t\n<div class=\"tribe-related-events-thumbnail\">\n\t<a href=\"https:\/\/qzm-rn.de\/en\/event\/ausstellung-reflection-von-mariia-vernissage\/\" class=\"url\" rel=\"bookmark\" tabindex=\"-1\" aria-hidden=\"true\"><img loading=\"lazy\" decoding=\"async\" width=\"1024\" height=\"682\" src=\"https:\/\/qzm-rn.de\/wp-content\/uploads\/2026\/04\/Vernissage-MARIIA-HP-1024x682.png\" class=\"attachment-large size-large wp-post-image\" alt=\"Auf der Graphik erkennt man eine Person in schwarz wei\u00df, die ihre H\u00e4nde \u00fcber das Bild streckt und Informationen zur Foto Ausstellung &quot;reflection&quot; von MARIIA.\" \/><\/a>\n<\/div>\n\t<div class=\"tribe-related-event-info\">\n\t<h3 class=\"tribe-related-events-title\">\n\t\t<a href=\"https:\/\/qzm-rn.de\/en\/event\/ausstellung-reflection-von-mariia-vernissage\/\" class=\"tribe-event-url\" rel=\"bookmark\">\n\t\t\tAusstellung &#8222;reflection&#8220; von MARIIA &#8211; Vernissage\t\t<\/a>\n\t<\/h3>\n\t<span class=\"tribe-event-date-start\">3. May @ 16:00<\/span><\/div>\n<\/li>\n\t<\/ul>","protected":false},"excerpt":{"rendered":"<p>Herzliche Einladung zur n\u00e4chsten QZM-Family Ausstellung!<\/p>\n<p>Am Freitag, 25. Januar um 19:00 Uhr findet die Vernissage zu unserer zweiten QZM Family Ausstellung statt.<br \/>\nIn diesem Format geben wir jeweils mehreren Personen aus unserer QZM Community einen Raum, um ihre Kunstwerke auszustellen.<\/p>","protected":false},"author":2,"featured_media":9082,"template":"","meta":{"_tec_requires_first_save":false,"_eb_attr":"","neve_meta_sidebar":"","neve_meta_container":"","neve_meta_enable_content_width":"","neve_meta_content_width":0,"neve_meta_title_alignment":"","neve_meta_author_avatar":"","neve_post_elements_order":"","neve_meta_disable_header":"","neve_meta_disable_footer":"","neve_meta_disable_title":"","_EventAllDay":false,"_EventTimezone":"Europe\/Berlin","_EventStartDate":"2025-01-25 19:00:00","_EventEndDate":"2025-01-25 19:00:00","_EventStartDateUTC":"2025-01-25 18:00:00","_EventEndDateUTC":"2025-01-25 18:00:00","_EventShowMap":false,"_EventShowMapLink":false,"_EventURL":"","_EventCost":"0","_EventCostDescription":"","_EventCurrencySymbol":"EUR","_EventCurrencyCode":"EUR","_EventCurrencyPosition":"prefix","_EventDateTimeSeparator":" @ ","_EventTimeRangeSeparator":" - ","_EventOrganizerID":[],"_EventVenueID":[2523],"_OrganizerEmail":"","_OrganizerPhone":"","_OrganizerWebsite":"","_VenueAddress":"","_VenueCity":"","_VenueCountry":"","_VenueProvince":"","_VenueState":"","_VenueZip":"","_VenuePhone":"","_VenueURL":"","_VenueStateProvince":"","_VenueLat":"","_VenueLng":"","_VenueShowMap":false,"_VenueShowMapLink":false,"_tribe_blocks_recurrence_rules":"","_tribe_blocks_recurrence_description":"","_tribe_blocks_recurrence_exclusions":"","_tribe_events_status":"","_tribe_events_status_reason":"","_tribe_events_is_hybrid":"","_tribe_events_is_virtual":"","_tribe_events_virtual_video_source":"","_tribe_events_virtual_embed_video":"","_tribe_events_virtual_linked_button_text":"","_tribe_events_virtual_linked_button":"","_tribe_events_virtual_show_embed_at":"","_tribe_events_virtual_show_embed_to":[],"_tribe_events_virtual_show_on_event":"","_tribe_events_virtual_show_on_views":"","_tribe_events_virtual_url":"","footnotes":""},"tags":[193,619,71,30,34,21,48,10,11,188],"tribe_events_cat":[503,530],"class_list":["post-9071","tribe_events","type-tribe_events","status-publish","has-post-thumbnail","hentry","tag-ausstellung","tag-ausstellungseroeffnung","tag-lgbti","tag-lgbttiq","tag-lsbti","tag-mannheim","tag-queer","tag-queeres-zentrum-mannheim","tag-qzm","tag-vernissage","tribe_events_cat-kunst","tribe_events_cat-veranstaltung","cat_kunst","cat_veranstaltung"],"jetpack_sharing_enabled":true,"_links":{"self":[{"href":"https:\/\/qzm-rn.de\/en\/wp-json\/wp\/v2\/tribe_events\/9071","targetHints":{"allow":["GET"]}}],"collection":[{"href":"https:\/\/qzm-rn.de\/en\/wp-json\/wp\/v2\/tribe_events"}],"about":[{"href":"https:\/\/qzm-rn.de\/en\/wp-json\/wp\/v2\/types\/tribe_events"}],"author":[{"embeddable":true,"href":"https:\/\/qzm-rn.de\/en\/wp-json\/wp\/v2\/users\/2"}],"version-history":[{"count":0,"href":"https:\/\/qzm-rn.de\/en\/wp-json\/wp\/v2\/tribe_events\/9071\/revisions"}],"wp:featuredmedia":[{"embeddable":true,"href":"https:\/\/qzm-rn.de\/en\/wp-json\/wp\/v2\/media\/9082"}],"wp:attachment":[{"href":"https:\/\/qzm-rn.de\/en\/wp-json\/wp\/v2\/media?parent=9071"}],"wp:term":[{"taxonomy":"post_tag","embeddable":true,"href":"https:\/\/qzm-rn.de\/en\/wp-json\/wp\/v2\/tags?post=9071"},{"taxonomy":"tribe_events_cat","embeddable":true,"href":"https:\/\/qzm-rn.de\/en\/wp-json\/wp\/v2\/tribe_events_cat?post=9071"}],"curies":[{"name":"wp","href":"https:\/\/api.w.org\/{rel}","templated":true}]}}